{"https:\/\/umayyayinevi.com\/?post_type=product&#038;p=2564":{"http:\/\/www.w3.org\/1999\/02\/22-rdf-syntax-ns#type":[{"type":"uri","value":"http:\/\/rdfs.org\/sioc\/ns#Post"}],"http:\/\/purl.org\/dc\/elements\/1.1\/title":[{"type":"literal","value":"Cemil Meri\u00e7'in Edebiyat D\u00fc\u015f\u00fcncesi ve Derrida'n\u0131n \u0130zinde Cemil Meri\u00e7 Okumalar\u0131 - \u0130hsan Kurt"}],"http:\/\/purl.org\/dc\/terms\/identifier":[{"type":"literal","value":"2564","datatype":"http:\/\/www.w3.org\/2001\/XMLSchema#integer"}],"http:\/\/purl.org\/dc\/elements\/1.1\/modified":[{"type":"literal","value":"2026-08-26","datatype":"http:\/\/www.w3.org\/2001\/XMLSchema#date"}],"http:\/\/purl.org\/dc\/elements\/1.1\/created":[{"type":"literal","value":"2026-08-24","datatype":"http:\/\/www.w3.org\/2001\/XMLSchema#date"}],"http:\/\/rdfs.org\/sioc\/ns#link":[{"type":"uri","value":"https:\/\/umayyayinevi.com\/urun\/cemil-mericin-edebiyat-dusuncesi-ve-derridanin-izinde-cemil-meric-okumalari-ihsan-kurt\/"}],"http:\/\/rdfs.org\/sioc\/ns#has_creator":[{"type":"uri","value":"https:\/\/umayyayinevi.com\/author\/halkbilimci\/#account"}],"http:\/\/rdfs.org\/sioc\/ns#has_container":[{"type":"uri","value":"https:\/\/umayyayinevi.com\/#posts"}],"http:\/\/purl.org\/dc\/elements\/1.1\/abstract":[{"type":"literal","value":"Bu \u00e7al\u0131\u015fma, Cemil Meri\u00e7\u2019in edebiyata dair d\u00fc\u015f\u00fcncelerini sistematik bi\u00e7imde inceleyerek onun edeb\u00ee yakla\u015f\u0131m\u0131n\u0131 hem klasik hem \u00e7a\u011fda\u015f kuramsal perspektiflerle yeniden de\u011ferlendirmeyi ama\u00e7lar. Temel iddia, Meri\u00e7\u2019in da\u011f\u0131n\u0131k g\u00f6r\u00fcnen g\u00f6r\u00fc\u015flerinin b\u00fct\u00fcnl\u00fckl\u00fc bir d\u00fc\u015f\u00fcnsel yap\u0131 olu\u015fturdu\u011fu ve g\u00fcn\u00fcm\u00fcz i\u00e7in de ge\u00e7erli kuramsal ve ele\u015ftirel a\u00e7\u0131l\u0131mlar sundu\u011fudur. Metin, Meri\u00e7\u2019in baz\u0131 d\u00fc\u015f\u00fcn\u00fcrlerle \u00f6rt\u00fc\u015fen y\u00f6nlerini edebiyat\u0131n sosyo-politik boyutu \u00fczerinden, postmodern ve yap\u0131s\u00f6k\u00fcmc\u00fc kuramc\u0131lardan ayr\u0131\u015ft\u0131\u011f\u0131 noktalar\u0131 ise anlam, hakikat ve metinsellik ba\u011flam\u0131nda kar\u015f\u0131la\u015ft\u0131rmal\u0131 olarak ele al\u0131r."}],"http:\/\/purl.org\/rss\/1.0\/modules\/content\/encoded":[{"type":"literal","value":"<![CDATA[Bu \u00e7al\u0131\u015fma, Cemil Meri\u00e7\u2019in edebiyata dair d\u00fc\u015f\u00fcncelerini sistematik bi\u00e7imde inceleyerek onun edeb\u00ee yakla\u015f\u0131m\u0131n\u0131 hem klasik hem \u00e7a\u011fda\u015f kuramsal perspektiflerle yeniden de\u011ferlendirmeyi ama\u00e7lar. Temel iddia, Meri\u00e7\u2019in da\u011f\u0131n\u0131k g\u00f6r\u00fcnen g\u00f6r\u00fc\u015flerinin b\u00fct\u00fcnl\u00fckl\u00fc bir d\u00fc\u015f\u00fcnsel yap\u0131 olu\u015fturdu\u011fu ve g\u00fcn\u00fcm\u00fcz i\u00e7in de ge\u00e7erli kuramsal ve ele\u015ftirel a\u00e7\u0131l\u0131mlar sundu\u011fudur. Metin, Meri\u00e7\u2019in baz\u0131 d\u00fc\u015f\u00fcn\u00fcrlerle \u00f6rt\u00fc\u015fen y\u00f6nlerini edebiyat\u0131n sosyo-politik boyutu \u00fczerinden, postmodern ve yap\u0131s\u00f6k\u00fcmc\u00fc kuramc\u0131lardan ayr\u0131\u015ft\u0131\u011f\u0131 noktalar\u0131 ise anlam, hakikat ve metinsellik ba\u011flam\u0131nda kar\u015f\u0131la\u015ft\u0131rmal\u0131 olarak ele al\u0131r.]]>","datatype":"http:\/\/www.w3.org\/1999\/02\/22-rdf-syntax-ns#XMLLiteral"}],"http:\/\/rdfs.org\/sioc\/ns#content":[{"type":"literal","value":"Bu \u00e7al\u0131\u015fma, Cemil Meri\u00e7\u2019in edebiyata dair d\u00fc\u015f\u00fcncelerini sistematik bi\u00e7imde inceleyerek onun edeb\u00ee yakla\u015f\u0131m\u0131n\u0131 hem klasik hem \u00e7a\u011fda\u015f kuramsal perspektiflerle yeniden de\u011ferlendirmeyi ama\u00e7lar. Temel iddia, Meri\u00e7\u2019in da\u011f\u0131n\u0131k g\u00f6r\u00fcnen g\u00f6r\u00fc\u015flerinin b\u00fct\u00fcnl\u00fckl\u00fc bir d\u00fc\u015f\u00fcnsel yap\u0131 olu\u015fturdu\u011fu ve g\u00fcn\u00fcm\u00fcz i\u00e7in de ge\u00e7erli kuramsal ve ele\u015ftirel a\u00e7\u0131l\u0131mlar sundu\u011fudur. Metin, Meri\u00e7\u2019in baz\u0131 d\u00fc\u015f\u00fcn\u00fcrlerle \u00f6rt\u00fc\u015fen y\u00f6nlerini edebiyat\u0131n sosyo-politik boyutu \u00fczerinden, postmodern ve yap\u0131s\u00f6k\u00fcmc\u00fc kuramc\u0131lardan ayr\u0131\u015ft\u0131\u011f\u0131 noktalar\u0131 ise anlam, hakikat ve metinsellik ba\u011flam\u0131nda kar\u015f\u0131la\u015ft\u0131rmal\u0131 olarak ele al\u0131r."}],"http:\/\/xmlns.com\/foaf\/0.1\/depiction":[{"type":"uri","value":"https:\/\/umayyayinevi.com\/wp-content\/uploads\/2026\/05\/Ihsan-Kurt-On-Kapak-1.png"}],"http:\/\/rdfs.org\/sioc\/ns#topic":[{"type":"uri","value":"https:\/\/umayyayinevi.com\/marka\/umay-yayinevi\/"},{"type":"uri","value":"https:\/\/umayyayinevi.com\/?taxonomy=product_type&term=simple"},{"type":"uri","value":"https:\/\/umayyayinevi.com\/urun-kategori\/sosyoloji\/"},{"type":"uri","value":"https:\/\/umayyayinevi.com\/urun-etiketi\/cemil-meric\/"},{"type":"uri","value":"https:\/\/umayyayinevi.com\/urun-etiketi\/edebiyat\/"},{"type":"uri","value":"https:\/\/umayyayinevi.com\/urun-etiketi\/edebiyat-felsefesi\/"},{"type":"uri","value":"https:\/\/umayyayinevi.com\/urun-etiketi\/jacques-derrida\/"}]},"https:\/\/umayyayinevi.com\/author\/halkbilimci\/#account":{"http:\/\/www.w3.org\/2000\/01\/rdf-schema#seeAlso":[{"type":"uri","value":"https:\/\/umayyayinevi.com\/author\/halkbilimci\/?feed=lhrdf&format=json"}]},"https:\/\/umayyayinevi.com\/wp-content\/uploads\/2026\/05\/Ihsan-Kurt-On-Kapak-1.png":{"http:\/\/www.w3.org\/2000\/01\/rdf-schema#seeAlso":[{"type":"uri","value":"https:\/\/umayyayinevi.com\/cemil-mericin-edebiyat-dusuncesi-ve-derridanin-izinde-cemil-meric-okumalari-ihsan-kurt\/ihsan-kurt-on-kapak-4\/?feed=lhrdf"}]},"https:\/\/umayyayinevi.com\/marka\/umay-yayinevi\/":{"http:\/\/www.w3.org\/2000\/01\/rdf-schema#seeAlso":[{"type":"uri","value":"https:\/\/umayyayinevi.com\/marka\/umay-yayinevi\/?feed=lhrdf&format=json"}]},"https:\/\/umayyayinevi.com\/?taxonomy=product_type&term=simple":{"http:\/\/www.w3.org\/2000\/01\/rdf-schema#seeAlso":[{"type":"uri","value":"https:\/\/umayyayinevi.com\/?taxonomy=product_type&term=simple&feed=lhrdf&format=json"}]},"https:\/\/umayyayinevi.com\/urun-kategori\/sosyoloji\/":{"http:\/\/www.w3.org\/2000\/01\/rdf-schema#seeAlso":[{"type":"uri","value":"https:\/\/umayyayinevi.com\/urun-kategori\/sosyoloji\/?feed=lhrdf&format=json"}]},"https:\/\/umayyayinevi.com\/urun-etiketi\/cemil-meric\/":{"http:\/\/www.w3.org\/2000\/01\/rdf-schema#seeAlso":[{"type":"uri","value":"https:\/\/umayyayinevi.com\/urun-etiketi\/cemil-meric\/?feed=lhrdf&format=json"}]},"https:\/\/umayyayinevi.com\/urun-etiketi\/edebiyat\/":{"http:\/\/www.w3.org\/2000\/01\/rdf-schema#seeAlso":[{"type":"uri","value":"https:\/\/umayyayinevi.com\/urun-etiketi\/edebiyat\/?feed=lhrdf&format=json"}]},"https:\/\/umayyayinevi.com\/urun-etiketi\/edebiyat-felsefesi\/":{"http:\/\/www.w3.org\/2000\/01\/rdf-schema#seeAlso":[{"type":"uri","value":"https:\/\/umayyayinevi.com\/urun-etiketi\/edebiyat-felsefesi\/?feed=lhrdf&format=json"}]},"https:\/\/umayyayinevi.com\/urun-etiketi\/jacques-derrida\/":{"http:\/\/www.w3.org\/2000\/01\/rdf-schema#seeAlso":[{"type":"uri","value":"https:\/\/umayyayinevi.com\/urun-etiketi\/jacques-derrida\/?feed=lhrdf&format=json"}]}}