{"https:\/\/umayyayinevi.com\/?p=2609":{"http:\/\/www.w3.org\/1999\/02\/22-rdf-syntax-ns#type":[{"type":"uri","value":"http:\/\/rdfs.org\/sioc\/ns#Post"},{"type":"uri","value":"http:\/\/rdfs.org\/sioc\/types#BlogPost"}],"http:\/\/purl.org\/dc\/elements\/1.1\/title":[{"type":"literal","value":"S\u00fck\u00fbtun ve Melek\u00fbtun Miras\u0131 - Abd\u00fclaziz Bin Abdurrahman El-Hedlak (\u00c7eviren: Abdulrahman Eid)"}],"http:\/\/purl.org\/dc\/terms\/identifier":[{"type":"literal","value":"2609","datatype":"http:\/\/www.w3.org\/2001\/XMLSchema#integer"}],"http:\/\/purl.org\/dc\/elements\/1.1\/modified":[{"type":"literal","value":"2026-08-26","datatype":"http:\/\/www.w3.org\/2001\/XMLSchema#date"}],"http:\/\/purl.org\/dc\/elements\/1.1\/created":[{"type":"literal","value":"2026-08-26","datatype":"http:\/\/www.w3.org\/2001\/XMLSchema#date"}],"http:\/\/rdfs.org\/sioc\/ns#link":[{"type":"uri","value":"https:\/\/umayyayinevi.com\/sukutun-ve-melekutun-mirasi-abdulaziz-bin-abdurrahman-el-hedlak-ceviren-abdulrahman-eid\/"}],"http:\/\/rdfs.org\/sioc\/ns#has_creator":[{"type":"uri","value":"https:\/\/umayyayinevi.com\/author\/halkbilimci\/#account"}],"http:\/\/rdfs.org\/sioc\/ns#has_container":[{"type":"uri","value":"https:\/\/umayyayinevi.com\/#posts"}],"http:\/\/purl.org\/dc\/elements\/1.1\/abstract":[{"type":"literal","value":""}],"http:\/\/purl.org\/rss\/1.0\/modules\/content\/encoded":[{"type":"literal","value":"<![CDATA[<!-- wp:columns {\"className\":\" block-1a534c58-886c-431b-8c96-761af603fda0 block-c7c763fd-3a4a-466b-85a4-a1cc5f114243\"} -->\n<div class=\"wp-block-columns  block-1a534c58-886c-431b-8c96-761af603fda0 block-c7c763fd-3a4a-466b-85a4-a1cc5f114243\"><!-- wp:column {\"width\":\"33.33%\",\"className\":\"gutenova-block-column block-e36fd458-139d-40b3-8312-822e148a77f8\"} -->\n<div class=\"wp-block-column gutenova-block-column block-e36fd458-139d-40b3-8312-822e148a77f8\" style=\"flex-basis:33.33%\"><!-- wp:image {\"id\":2610,\"sizeSlug\":\"large\",\"linkDestination\":\"none\"} -->\n<figure class=\"wp-block-image size-large\"><img src=\"https:\/\/umayyayinevi.com\/wp-content\/uploads\/2026\/08\/Abdulrahman-Eid-On-Kapak-638x1024.avif\" alt=\"\" class=\"wp-image-2610\"\/><\/figure>\n<!-- \/wp:image --><\/div>\n<!-- \/wp:column -->\n\n<!-- wp:column {\"width\":\"66.66%\",\"className\":\"gutenova-block-column block-cdbc5785-9209-42e8-a5db-eea0a0ef671a\",\"backgroundColor\":\"background\"} -->\n<div class=\"wp-block-column gutenova-block-column block-cdbc5785-9209-42e8-a5db-eea0a0ef671a has-background-background-color has-background\" style=\"flex-basis:66.66%\"><!-- wp:table -->\n<figure class=\"wp-block-table\"><table class=\"has-fixed-layout\"><tbody><tr><td><strong>Kitap Ad\u0131<\/strong> <strong>\/ Yazar<\/strong><\/td><td>S\u00fck\u00fbtun ve Melek\u00fbtun Miras\u0131 \/ Abd\u00fclaziz Bin Abdurrahman El-Hedlak <\/td><\/tr><tr><td><strong>\u00c7eviren <\/strong><\/td><td>Abdulrahman Eid<\/td><\/tr><tr><td><strong>Yay\u0131n Y\u0131l\u0131<\/strong><\/td><td>2026 \/ Umay Yay\u0131nevi<\/td><\/tr><tr><td><strong>Sayfa Say\u0131s\u0131<\/strong><\/td><td>134<\/td><\/tr><tr><td><strong>Bask\u0131 Say\u0131s\u0131<\/strong> <strong>\/ Yer<\/strong><\/td><td>1. Bask\u0131 \/ Samsun<\/td><\/tr><tr><td><strong>ISBN<\/strong><\/td><td>978-625-93587-1-0<\/td><\/tr><tr><td><strong>DOI<\/strong><\/td><td>10.5281\/zenodo.22011126<\/td><\/tr><tr><td><strong>Dil<\/strong><\/td><td>T\u00fcrk\u00e7e<\/td><\/tr><tr><td><strong>Seri\/Numara<\/strong><\/td><td>159<\/td><\/tr><tr><td><strong>Ana Konular<\/strong><\/td><td>\u0130slam Felsefesi, Klasik Arap Edebiyat\u0131, Bat\u0131 Du\u0308\u015fu\u0308ncesi, Arap Sosyolojisi, Tasavvuf<\/td><\/tr><tr><td><strong>At\u0131f\/Cite<\/strong><\/td><td>el-Hedlak, A. B. A. (2026). S\u00fck\u00fbtun ve melek\u00fbtun<br>miras\u0131 (\u00c7ev.: Abdulrahman Eid). Umay Yay\u0131nevi.<\/td><\/tr><\/tbody><\/table><\/figure>\n<!-- \/wp:table --><\/div>\n<!-- \/wp:column --><\/div>\n<!-- \/wp:columns -->\n\n<!-- wp:paragraph -->\n<p><strong>Kitab\u0131 A\u015fa\u011f\u0131daki Platformlardan Sat\u0131n Alabilirsiniz.<\/strong><\/p>\n<!-- \/wp:paragraph -->\n\n<!-- wp:buttons -->\n<div class=\"wp-block-buttons\"><!-- wp:button -->\n<div class=\"wp-block-button\"><a class=\"wp-block-button__link wp-element-button\" href=\"https:\/\/umayyayinevi.com\/magaza\/\">Umay Yay\u0131nevi Ma\u011fazas\u0131<\/a><\/div>\n<!-- \/wp:button --><\/div>\n<!-- \/wp:buttons -->\n\n<!-- wp:buttons -->\n<div class=\"wp-block-buttons\"><!-- wp:button -->\n<div class=\"wp-block-button\"><a class=\"wp-block-button__link wp-element-button\">PTT AVM<\/a><\/div>\n<!-- \/wp:button -->\n\n<!-- wp:button -->\n<div class=\"wp-block-button\"><a class=\"wp-block-button__link wp-element-button\">\u0130defix<\/a><\/div>\n<!-- \/wp:button -->\n\n<!-- wp:button -->\n<div class=\"wp-block-button\"><a class=\"wp-block-button__link wp-element-button\">Hepsiburada<\/a><\/div>\n<!-- \/wp:button -->\n\n<!-- wp:button -->\n<div class=\"wp-block-button\"><a class=\"wp-block-button__link wp-element-button\">Amazon T\u00fcrkiye<\/a><\/div>\n<!-- \/wp:button -->\n\n<!-- wp:button -->\n<div class=\"wp-block-button\"><a class=\"wp-block-button__link wp-element-button\">D&amp;R<\/a><\/div>\n<!-- \/wp:button -->\n\n<!-- wp:button -->\n<div class=\"wp-block-button\"><a class=\"wp-block-button__link wp-element-button\">Kitap Ambar\u0131<\/a><\/div>\n<!-- \/wp:button -->\n\n<!-- wp:button -->\n<div class=\"wp-block-button\"><a class=\"wp-block-button__link wp-element-button\">Kitap Yurdu<\/a><\/div>\n<!-- \/wp:button -->\n\n<!-- wp:button -->\n<div class=\"wp-block-button\"><a class=\"wp-block-button__link wp-element-button\">INGRAM SPARK<\/a><\/div>\n<!-- \/wp:button -->\n\n<!-- wp:button -->\n<div class=\"wp-block-button\"><a class=\"wp-block-button__link wp-element-button\">Teklif Kitap<\/a><\/div>\n<!-- \/wp:button -->\n\n<!-- wp:button -->\n<div class=\"wp-block-button\"><a class=\"wp-block-button__link wp-element-button\">Benli Kitap<\/a><\/div>\n<!-- \/wp:button --><\/div>\n<!-- \/wp:buttons -->\n\n<!-- wp:paragraph -->\n<p><strong>\u00d6z: <\/strong><br>Bilir misin... Yirmi iki y\u0131l \u00f6nce bir de bakt\u0131m ki d\u00fcnya, ruhumu \u00e7irkinlik ve hayal k\u0131r\u0131kl\u0131\u011f\u0131 \u00e7amuruna g\u00f6mm\u00fc\u015f, onu batakl\u0131k suyuyla bo\u011fmu\u015f. Ruhumun karanl\u0131k bir k\u00f6\u015fesine \u00e7ekilip aylarca orada kald\u0131m; sessizli\u011fi ve ya\u015fam\u0131 yava\u015f yava\u015f kanarcas\u0131na t\u00fckettim. G\u00f6zlerimi kapad\u0131m ve daha yeni ba\u015flam\u0131\u015f bir hayat\u0131n sonu geldi\u011fini sand\u0131m. Fakat derler ya, \u201cmihenkler b\u00fcy\u00fck bir \u00f6\u011fretmendir\u201d, her ne kadar bu \u00f6\u011fretmen derslerinin bedelini a\u011f\u0131r \u00f6detse de. O kupkuru ruhun k\u00f6k\u00fcne nas\u0131l bir hayat\u0131n s\u0131zd\u0131\u011f\u0131n\u0131 bilmiyorum. Manev\u00ee d\u00fcnyam\u0131n zifir\u00ee karanl\u0131\u011f\u0131nda bir \u0131\u015f\u0131k parlad\u0131 bana... Ben de kendime dayan\u0131p, arkama bile bakmadan o \u0131\u015f\u0131\u011f\u0131 g\u00f6zleyerek y\u00fcr\u00fcd\u00fcm. Belirsiz bir fikre do\u011fru, zorluklar\u0131n i\u00e7ine dald\u0131m; felsefesi, temkinli bir bilin\u00e7le \u015funa benzeyen bir fikirdi bu: Okumak, ya\u015fama bir alternatiftir... \u00c7amurun sefaletine kar\u015f\u0131 devrim; i\u015fte ben buna, geli\u015fmekte olan bir \u015fahsiyetin hayat\u0131n\u0131n b\u00fcy\u00fck d\u00f6neme\u00e7lerinde ruhun s\u0131\u00e7ray\u0131\u015f\u0131 diyorum. Ruhum \u00e7\u0131r\u0131l\u00e7\u0131plak kald\u0131\u011f\u0131 g\u00fcn; o batakl\u0131k suyunu d\u00fcnyan\u0131n surat\u0131na t\u00fck\u00fcrd\u00fcm ve bilgi yapraklar\u0131yla \u00fczerimi \u00f6rtmeye koyuldum. K\u00fct\u00fcphanelerin yolunu tuttum, raflardaki bu \u015feylerin \u00e7o\u011funu bilmiyordum ve cehaletin ac\u0131s\u0131yla k\u0131vran\u0131yordum. H\u00e2l\u00e2 bir g\u00fcn raftaki tuhaf bir ba\u015fl\u0131\u011f\u0131n \u00f6n\u00fcnde durup \u201cBu ne? Ne anlama geliyor?\u201d diye sordu\u011fumdaki \u015fa\u015fk\u0131nl\u0131\u011f\u0131m\u0131 ve ard\u0131ndan a\u011flad\u0131\u011f\u0131m\u0131 hat\u0131rlar\u0131m. Bana \u00f6\u011fretecek kimse yoktu. Bu kitab\u0131n, akl\u0131 daraltan, \u201cinsan\u0131 aya\u011fa kald\u0131ran ve oturtan, kudretin sakl\u0131 kaynaklar\u0131n\u0131 co\u015fturan, duygunun merkezlerini isabetle vuran ve okura, eskisinden ba\u015fka bir \u015feye d\u00f6n\u00fc\u015ft\u00fc\u011f\u00fc hissini veren\u201d o b\u00fcy\u00fck edebi ve fikri eserler kadar tehlikeli oldu\u011funu iddia etmiyorum. Hay\u0131r... Ancak Dostoyevski\u2019nin o derin s\u00f6z\u00fcn\u00fcn g\u00f6lgelerinden de yoksun olmad\u0131klar\u0131n\u0131 san\u0131yorum: \u201cS\u00f6z, b\u00fcy\u00fck bir eylemdir.\u201d<br><strong>Abstract: <\/strong><br>Do you know... Twenty-two years ago, I looked around and saw that the world had buried my soul in a mire of ugliness and disappointment, drowning it in swamp water. I retreated to a dark corner of my soul and stayed there for months; I slowly drained the silence and life from it, as if bleeding them out. I closed my eyes and thought the end had come for a life that had only just begun. But as they say, \u201cTrials are a great teacher,\u201d even if this teacher exacts a heavy price for its lessons. I don\u2019t know what kind of life seeped into the very roots of that parched soul. A light shone upon me in the pitch-black darkness of my spiritual world... So I relied on myself and walked, gazing at that light without even looking back. I plunged into difficulties, heading toward an uncertain idea; philosophically, it was an idea akin to this, held with a cautious awareness: Reading is an alternative to life... A revolution against the misery of the mud\u2014that is what I call the leap of the soul at the great turning points in the life of a developing personality. On the day my soul was left completely bare, I spat that swamp water in the world\u2019s face and set about covering myself with leaves of knowledge. I made my way to the libraries; I didn\u2019t know most of the things on the shelves, and I was writhing in the agony of ignorance. I still remember the bewilderment I felt\u2014and the tears that followed\u2014when I stood before a strange title on the shelf one day and asked, \u201cWhat is this? What does it mean?\u201d There was no one to teach me. I\u2019m not claiming that this book is as dangerous as those great literary and intellectual works that \u201cnarrow the mind, lift a person up and bring them back down, stir the hidden sources of power, strike the very core of emotion, and give the reader the feeling of having been transformed into something other than what they once were.\u201d No\u2026 But I do believe they are not entirely devoid of the shadows cast by Dostoevsky\u2019s profound words: \u201cThe word is a great deed.\u201d<\/p>\n<!-- \/wp:paragraph -->\n\n<!-- wp:file {\"id\":2611,\"href\":\"https:\/\/umayyayinevi.com\/wp-content\/uploads\/2026\/08\/Sukutun-ve-Melekutun-Mirasi-Tanitim.pdf\",\"displayPreview\":true} -->\n<div class=\"wp-block-file\"><object class=\"wp-block-file__embed\" data=\"https:\/\/umayyayinevi.com\/wp-content\/uploads\/2026\/08\/Sukutun-ve-Melekutun-Mirasi-Tanitim.pdf\" type=\"application\/pdf\" style=\"width:100%;height:600px\" aria-label=\"S\u00fckutun ve Melekutun Miras\u0131-Tan\u0131t\u0131m\"><\/object><a id=\"wp-block-file--media-0ee07683-33a3-4b59-a219-404b1c20ef55\" href=\"https:\/\/umayyayinevi.com\/wp-content\/uploads\/2026\/08\/Sukutun-ve-Melekutun-Mirasi-Tanitim.pdf\">S\u00fckutun ve Melekutun Miras\u0131-Tan\u0131t\u0131m<\/a><a href=\"https:\/\/umayyayinevi.com\/wp-content\/uploads\/2026\/08\/Sukutun-ve-Melekutun-Mirasi-Tanitim.pdf\" class=\"wp-block-file__button wp-element-button\" download aria-describedby=\"wp-block-file--media-0ee07683-33a3-4b59-a219-404b1c20ef55\">\u0130ndir<\/a><\/div>\n<!-- \/wp:file -->\n\n<!-- wp:details -->\n<details class=\"wp-block-details\"><summary><strong>\u00d6N KAPAK \u0130\u00c7\u0130N TIKLAYINIZ.<\/strong><\/summary><!-- wp:file {\"id\":2616,\"href\":\"https:\/\/umayyayinevi.com\/wp-content\/uploads\/2026\/08\/Sukutun-ve-Melekutun-Mirasi-On-Kapak-scaled.avif\"} -->\n<div class=\"wp-block-file\"><a id=\"wp-block-file--media-b484a1c1-e7c3-4d5f-8c45-7a63bf11842f\" href=\"https:\/\/umayyayinevi.com\/wp-content\/uploads\/2026\/08\/Sukutun-ve-Melekutun-Mirasi-On-Kapak-scaled.avif\">S\u00fckutun ve Melekutun Miras\u0131-\u00d6n Kapak<\/a><a href=\"https:\/\/umayyayinevi.com\/wp-content\/uploads\/2026\/08\/Sukutun-ve-Melekutun-Mirasi-On-Kapak-scaled.avif\" class=\"wp-block-file__button wp-element-button\" download aria-describedby=\"wp-block-file--media-b484a1c1-e7c3-4d5f-8c45-7a63bf11842f\">\u0130ndir<\/a><\/div>\n<!-- \/wp:file --><\/details>\n<!-- \/wp:details -->\n\n<!-- wp:details -->\n<details class=\"wp-block-details\"><summary><strong>ARKA KAPAK \u0130\u00c7\u0130N TIKLAYINIZ.<\/strong><\/summary><!-- wp:file {\"id\":2617,\"href\":\"https:\/\/umayyayinevi.com\/wp-content\/uploads\/2026\/08\/Sukutun-ve-Melekutun-Mirasi-Arka-Kapak.avif\"} -->\n<div class=\"wp-block-file\"><a id=\"wp-block-file--media-79c8d4e5-645d-409f-8f5c-d87f7aee0c0b\" href=\"https:\/\/umayyayinevi.com\/wp-content\/uploads\/2026\/08\/Sukutun-ve-Melekutun-Mirasi-Arka-Kapak.avif\">S\u00fckutun ve Melekutun Miras\u0131-Arka  Kapak<\/a><a href=\"https:\/\/umayyayinevi.com\/wp-content\/uploads\/2026\/08\/Sukutun-ve-Melekutun-Mirasi-Arka-Kapak.avif\" class=\"wp-block-file__button wp-element-button\" download aria-describedby=\"wp-block-file--media-79c8d4e5-645d-409f-8f5c-d87f7aee0c0b\">\u0130ndir<\/a><\/div>\n<!-- \/wp:file --><\/details>\n<!-- \/wp:details -->\n\n<!-- wp:details -->\n<details class=\"wp-block-details\"><summary><strong>\u00c7\u0130FT TARAFLI KAPAK \u0130\u00c7\u0130N TIKLAYINIZ.<\/strong><\/summary><!-- wp:file {\"id\":2614,\"href\":\"https:\/\/umayyayinevi.com\/wp-content\/uploads\/2026\/08\/Sukutun-ve-Melekutun-Mirasi-Kapak.pdf\",\"displayPreview\":true} -->\n<div class=\"wp-block-file\"><object class=\"wp-block-file__embed\" data=\"https:\/\/umayyayinevi.com\/wp-content\/uploads\/2026\/08\/Sukutun-ve-Melekutun-Mirasi-Kapak.pdf\" type=\"application\/pdf\" style=\"width:100%;height:600px\" aria-label=\"S\u00fckutun ve Melekutun Miras\u0131-Kapak\"><\/object><a id=\"wp-block-file--media-a9857dce-c2bc-46d4-9707-57084eaae0d8\" href=\"https:\/\/umayyayinevi.com\/wp-content\/uploads\/2026\/08\/Sukutun-ve-Melekutun-Mirasi-Kapak.pdf\">S\u00fckutun ve Melekutun Miras\u0131-Kapak<\/a><a href=\"https:\/\/umayyayinevi.com\/wp-content\/uploads\/2026\/08\/Sukutun-ve-Melekutun-Mirasi-Kapak.pdf\" class=\"wp-block-file__button wp-element-button\" download aria-describedby=\"wp-block-file--media-a9857dce-c2bc-46d4-9707-57084eaae0d8\">\u0130ndir<\/a><\/div>\n<!-- \/wp:file --><\/details>\n<!-- \/wp:details -->\n\n<!-- wp:paragraph -->\n<p><strong>Bibliyografik kay\u0131tlar i\u00e7in a\u015fa\u011f\u0131daki d\u00fc\u011fmeye t\u0131klay\u0131n\u0131z.<\/strong><\/p>\n<!-- \/wp:paragraph -->\n\n<!-- wp:buttons -->\n<div class=\"wp-block-buttons\"><!-- wp:button -->\n<div class=\"wp-block-button\"><a class=\"wp-block-button__link wp-element-button\" href=\"https:\/\/umayyayinevi.com\/wp-content\/uploads\/2026\/08\/159_Sukutun_ve_Melekutun_Mirasi.zip\">ONIX 3.0, MARC 21, KBART, THEMA, BIC<\/a><\/div>\n<!-- \/wp:button --><\/div>\n<!-- \/wp:buttons -->]]>","datatype":"http:\/\/www.w3.org\/1999\/02\/22-rdf-syntax-ns#XMLLiteral"}],"http:\/\/rdfs.org\/sioc\/ns#content":[{"type":"literal","value":"\n\n\n\n\n\n\n\n\nKitap Ad\u0131 \/ YazarS\u00fck\u00fbtun ve Melek\u00fbtun Miras\u0131 \/ Abd\u00fclaziz Bin Abdurrahman El-Hedlak \u00c7eviren Abdulrahman EidYay\u0131n Y\u0131l\u01312026 \/ Umay Yay\u0131neviSayfa Say\u0131s\u0131134Bask\u0131 Say\u0131s\u0131 \/ Yer1. Bask\u0131 \/ SamsunISBN978-625-93587-1-0DOI10.5281\/zenodo.22011126DilT\u00fcrk\u00e7eSeri\/Numara159Ana Konular\u0130slam Felsefesi, Klasik Arap Edebiyat\u0131, Bat\u0131 Du\u0308\u015fu\u0308ncesi, Arap Sosyolojisi, TasavvufAt\u0131f\/Citeel-Hedlak, A. B. A. (2026). S\u00fck\u00fbtun ve melek\u00fbtunmiras\u0131 (\u00c7ev.: Abdulrahman Eid). Umay Yay\u0131nevi.\n\n\n\n\n\nKitab\u0131 A\u015fa\u011f\u0131daki Platformlardan Sat\u0131n Alabilirsiniz.\n\n\n\n\nUmay Yay\u0131nevi Ma\u011fazas\u0131\n\n\n\n\n\nPTT AVM\n\n\n\n\u0130defix\n\n\n\nHepsiburada\n\n\n\nAmazon T\u00fcrkiye\n\n\n\nD&amp;R\n\n\n\nKitap Ambar\u0131\n\n\n\nKitap Yurdu\n\n\n\nINGRAM SPARK\n\n\n\nTeklif Kitap\n\n\n\nBenli Kitap\n\n\n\n\n\u00d6z: Bilir misin... Yirmi iki y\u0131l \u00f6nce bir de bakt\u0131m ki d\u00fcnya, ruhumu \u00e7irkinlik ve hayal k\u0131r\u0131kl\u0131\u011f\u0131 \u00e7amuruna g\u00f6mm\u00fc\u015f, onu batakl\u0131k suyuyla bo\u011fmu\u015f. Ruhumun karanl\u0131k bir k\u00f6\u015fesine \u00e7ekilip aylarca orada kald\u0131m; sessizli\u011fi ve ya\u015fam\u0131 yava\u015f yava\u015f kanarcas\u0131na t\u00fckettim. G\u00f6zlerimi kapad\u0131m ve daha yeni ba\u015flam\u0131\u015f bir hayat\u0131n sonu geldi\u011fini sand\u0131m. Fakat derler ya, \u201cmihenkler b\u00fcy\u00fck bir \u00f6\u011fretmendir\u201d, her ne kadar bu \u00f6\u011fretmen derslerinin bedelini a\u011f\u0131r \u00f6detse de. O kupkuru ruhun k\u00f6k\u00fcne nas\u0131l bir hayat\u0131n s\u0131zd\u0131\u011f\u0131n\u0131 bilmiyorum. Manev\u00ee d\u00fcnyam\u0131n zifir\u00ee karanl\u0131\u011f\u0131nda bir \u0131\u015f\u0131k parlad\u0131 bana... Ben de kendime dayan\u0131p, arkama bile bakmadan o \u0131\u015f\u0131\u011f\u0131 g\u00f6zleyerek y\u00fcr\u00fcd\u00fcm. Belirsiz bir fikre do\u011fru, zorluklar\u0131n i\u00e7ine dald\u0131m; felsefesi, temkinli bir bilin\u00e7le \u015funa benzeyen bir fikirdi bu: Okumak, ya\u015fama bir alternatiftir... \u00c7amurun sefaletine kar\u015f\u0131 devrim; i\u015fte ben buna, geli\u015fmekte olan bir \u015fahsiyetin hayat\u0131n\u0131n b\u00fcy\u00fck d\u00f6neme\u00e7lerinde ruhun s\u0131\u00e7ray\u0131\u015f\u0131 diyorum. Ruhum \u00e7\u0131r\u0131l\u00e7\u0131plak kald\u0131\u011f\u0131 g\u00fcn; o batakl\u0131k suyunu d\u00fcnyan\u0131n surat\u0131na t\u00fck\u00fcrd\u00fcm ve bilgi yapraklar\u0131yla \u00fczerimi \u00f6rtmeye koyuldum. K\u00fct\u00fcphanelerin yolunu tuttum, raflardaki bu \u015feylerin \u00e7o\u011funu bilmiyordum ve cehaletin ac\u0131s\u0131yla k\u0131vran\u0131yordum. H\u00e2l\u00e2 bir g\u00fcn raftaki tuhaf bir ba\u015fl\u0131\u011f\u0131n \u00f6n\u00fcnde durup \u201cBu ne? Ne anlama geliyor?\u201d diye sordu\u011fumdaki \u015fa\u015fk\u0131nl\u0131\u011f\u0131m\u0131 ve ard\u0131ndan a\u011flad\u0131\u011f\u0131m\u0131 hat\u0131rlar\u0131m. Bana \u00f6\u011fretecek kimse yoktu. Bu kitab\u0131n, akl\u0131 daraltan, \u201cinsan\u0131 aya\u011fa kald\u0131ran ve oturtan, kudretin sakl\u0131 kaynaklar\u0131n\u0131 co\u015fturan, duygunun merkezlerini isabetle vuran ve okura, eskisinden ba\u015fka bir \u015feye d\u00f6n\u00fc\u015ft\u00fc\u011f\u00fc hissini veren\u201d o b\u00fcy\u00fck edebi ve fikri eserler kadar tehlikeli oldu\u011funu iddia etmiyorum. Hay\u0131r... Ancak Dostoyevski\u2019nin o derin s\u00f6z\u00fcn\u00fcn g\u00f6lgelerinden de yoksun olmad\u0131klar\u0131n\u0131 san\u0131yorum: \u201cS\u00f6z, b\u00fcy\u00fck bir eylemdir.\u201dAbstract: Do you know... Twenty-two years ago, I looked around and saw that the world had buried my soul in a mire of ugliness and disappointment, drowning it in swamp water. I retreated to a dark corner of my soul and stayed there for months; I slowly drained the silence and life from it, as if bleeding them out. I closed my eyes and thought the end had come for a life that had only just begun. But as they say, \u201cTrials are a great teacher,\u201d even if this teacher exacts a heavy price for its lessons. I don\u2019t know what kind of life seeped into the very roots of that parched soul. A light shone upon me in the pitch-black darkness of my spiritual world... So I relied on myself and walked, gazing at that light without even looking back. I plunged into difficulties, heading toward an uncertain idea; philosophically, it was an idea akin to this, held with a cautious awareness: Reading is an alternative to life... A revolution against the misery of the mud\u2014that is what I call the leap of the soul at the great turning points in the life of a developing personality. On the day my soul was left completely bare, I spat that swamp water in the world\u2019s face and set about covering myself with leaves of knowledge. I made my way to the libraries; I didn\u2019t know most of the things on the shelves, and I was writhing in the agony of ignorance. I still remember the bewilderment I felt\u2014and the tears that followed\u2014when I stood before a strange title on the shelf one day and asked, \u201cWhat is this? What does it mean?\u201d There was no one to teach me. I\u2019m not claiming that this book is as dangerous as those great literary and intellectual works that \u201cnarrow the mind, lift a person up and bring them back down, stir the hidden sources of power, strike the very core of emotion, and give the reader the feeling of having been transformed into something other than what they once were.\u201d No\u2026 But I do believe they are not entirely devoid of the shadows cast by Dostoevsky\u2019s profound words: \u201cThe word is a great deed.\u201d\n\n\n\nS\u00fckutun ve Melekutun Miras\u0131-Tan\u0131t\u0131m\u0130ndir\n\n\n\n\u00d6N KAPAK \u0130\u00c7\u0130N TIKLAYINIZ.\nS\u00fckutun ve Melekutun Miras\u0131-\u00d6n Kapak\u0130ndir\n\n\n\n\nARKA KAPAK \u0130\u00c7\u0130N TIKLAYINIZ.\nS\u00fckutun ve Melekutun Miras\u0131-Arka  Kapak\u0130ndir\n\n\n\n\n\u00c7\u0130FT TARAFLI KAPAK \u0130\u00c7\u0130N TIKLAYINIZ.\nS\u00fckutun ve Melekutun Miras\u0131-Kapak\u0130ndir\n\n\n\n\nBibliyografik kay\u0131tlar i\u00e7in a\u015fa\u011f\u0131daki d\u00fc\u011fmeye t\u0131klay\u0131n\u0131z.\n\n\n\n\nONIX 3.0, MARC 21, KBART, THEMA, BIC\n\n"}],"http:\/\/rdfs.org\/sioc\/ns#topic":[{"type":"uri","value":"https:\/\/umayyayinevi.com\/category\/genel-ru\/"},{"type":"uri","value":"https:\/\/umayyayinevi.com\/tag\/abdulaziz-bin-abdurrahman-el-hedlak\/"},{"type":"uri","value":"https:\/\/umayyayinevi.com\/tag\/arap-sosyolojisi\/"},{"type":"uri","value":"https:\/\/umayyayinevi.com\/tag\/bati-du%cc%88su%cc%88ncesi\/"},{"type":"uri","value":"https:\/\/umayyayinevi.com\/tag\/islam-felsefesi\/"},{"type":"uri","value":"https:\/\/umayyayinevi.com\/tag\/klasik-arap-edebiyati\/"},{"type":"uri","value":"https:\/\/umayyayinevi.com\/tag\/sukutun-ve-melekutun-mirasi\/"},{"type":"uri","value":"https:\/\/umayyayinevi.com\/tag\/tasavvuf\/"}],"http:\/\/rdfs.org\/sioc\/ns#attachment":[{"type":"uri","value":"https:\/\/umayyayinevi.com\/wp-content\/uploads\/2026\/08\/Sukutun-ve-Melekutun-Mirasi-Arka-Kapak.png"},{"type":"uri","value":"https:\/\/umayyayinevi.com\/wp-content\/uploads\/2026\/08\/Sukutun-ve-Melekutun-Mirasi-On-Kapak.png"},{"type":"uri","value":"https:\/\/umayyayinevi.com\/wp-content\/uploads\/2026\/08\/Abdulrahman-Eid-On-Kapak-2.png"},{"type":"uri","value":"https:\/\/umayyayinevi.com\/wp-content\/uploads\/2026\/08\/Sukutun-ve-Melekutun-Mirasi-Kapak.pdf"},{"type":"uri","value":"https:\/\/umayyayinevi.com\/wp-content\/uploads\/2026\/08\/Abdulrahman-Eid-Arka-Kapak.png"},{"type":"uri","value":"https:\/\/umayyayinevi.com\/wp-content\/uploads\/2026\/08\/Abdulrahman-Eid-On-Kapak-1.png"},{"type":"uri","value":"https:\/\/umayyayinevi.com\/wp-content\/uploads\/2026\/08\/Sukutun-ve-Melekutun-Mirasi-Tanitim.pdf"},{"type":"uri","value":"https:\/\/umayyayinevi.com\/wp-content\/uploads\/2026\/08\/Abdulrahman-Eid-On-Kapak.png"}]},"https:\/\/umayyayinevi.com\/author\/halkbilimci\/#account":{"http:\/\/www.w3.org\/2000\/01\/rdf-schema#seeAlso":[{"type":"uri","value":"https:\/\/umayyayinevi.com\/author\/halkbilimci\/?feed=lhrdf&format=json"}]},"https:\/\/umayyayinevi.com\/category\/genel-ru\/":{"http:\/\/www.w3.org\/2000\/01\/rdf-schema#seeAlso":[{"type":"uri","value":"https:\/\/umayyayinevi.com\/category\/genel-ru\/?feed=lhrdf&format=json"}]},"https:\/\/umayyayinevi.com\/tag\/abdulaziz-bin-abdurrahman-el-hedlak\/":{"http:\/\/www.w3.org\/2000\/01\/rdf-schema#seeAlso":[{"type":"uri","value":"https:\/\/umayyayinevi.com\/tag\/abdulaziz-bin-abdurrahman-el-hedlak\/?feed=lhrdf&format=json"}]},"https:\/\/umayyayinevi.com\/tag\/arap-sosyolojisi\/":{"http:\/\/www.w3.org\/2000\/01\/rdf-schema#seeAlso":[{"type":"uri","value":"https:\/\/umayyayinevi.com\/tag\/arap-sosyolojisi\/?feed=lhrdf&format=json"}]},"https:\/\/umayyayinevi.com\/tag\/bati-du%cc%88su%cc%88ncesi\/":{"http:\/\/www.w3.org\/2000\/01\/rdf-schema#seeAlso":[{"type":"uri","value":"https:\/\/umayyayinevi.com\/tag\/bati-du%cc%88su%cc%88ncesi\/?feed=lhrdf&format=json"}]},"https:\/\/umayyayinevi.com\/tag\/islam-felsefesi\/":{"http:\/\/www.w3.org\/2000\/01\/rdf-schema#seeAlso":[{"type":"uri","value":"https:\/\/umayyayinevi.com\/tag\/islam-felsefesi\/?feed=lhrdf&format=json"}]},"https:\/\/umayyayinevi.com\/tag\/klasik-arap-edebiyati\/":{"http:\/\/www.w3.org\/2000\/01\/rdf-schema#seeAlso":[{"type":"uri","value":"https:\/\/umayyayinevi.com\/tag\/klasik-arap-edebiyati\/?feed=lhrdf&format=json"}]},"https:\/\/umayyayinevi.com\/tag\/sukutun-ve-melekutun-mirasi\/":{"http:\/\/www.w3.org\/2000\/01\/rdf-schema#seeAlso":[{"type":"uri","value":"https:\/\/umayyayinevi.com\/tag\/sukutun-ve-melekutun-mirasi\/?feed=lhrdf&format=json"}]},"https:\/\/umayyayinevi.com\/tag\/tasavvuf\/":{"http:\/\/www.w3.org\/2000\/01\/rdf-schema#seeAlso":[{"type":"uri","value":"https:\/\/umayyayinevi.com\/tag\/tasavvuf\/?feed=lhrdf&format=json"}]},"https:\/\/umayyayinevi.com\/wp-content\/uploads\/2026\/08\/Sukutun-ve-Melekutun-Mirasi-Arka-Kapak.png":{"http:\/\/www.w3.org\/2000\/01\/rdf-schema#seeAlso":[{"type":"uri","value":"https:\/\/umayyayinevi.com\/sukutun-ve-melekutun-mirasi-abdulaziz-bin-abdurrahman-el-hedlak-ceviren-abdulrahman-eid\/sukutun-ve-melekutun-mirasi-arka-kapak\/?feed=lhrdf&format=json"}]},"https:\/\/umayyayinevi.com\/wp-content\/uploads\/2026\/08\/Sukutun-ve-Melekutun-Mirasi-On-Kapak.png":{"http:\/\/www.w3.org\/2000\/01\/rdf-schema#seeAlso":[{"type":"uri","value":"https:\/\/umayyayinevi.com\/sukutun-ve-melekutun-mirasi-abdulaziz-bin-abdurrahman-el-hedlak-ceviren-abdulrahman-eid\/sukutun-ve-melekutun-mirasi-on-kapak\/?feed=lhrdf&format=json"}]},"https:\/\/umayyayinevi.com\/wp-content\/uploads\/2026\/08\/Abdulrahman-Eid-On-Kapak-2.png":{"http:\/\/www.w3.org\/2000\/01\/rdf-schema#seeAlso":[{"type":"uri","value":"https:\/\/umayyayinevi.com\/sukutun-ve-melekutun-mirasi-abdulaziz-bin-abdurrahman-el-hedlak-ceviren-abdulrahman-eid\/abdulrahman-eid-on-kapak-3\/?feed=lhrdf&format=json"}]},"https:\/\/umayyayinevi.com\/wp-content\/uploads\/2026\/08\/Sukutun-ve-Melekutun-Mirasi-Kapak.pdf":{"http:\/\/www.w3.org\/2000\/01\/rdf-schema#seeAlso":[{"type":"uri","value":"https:\/\/umayyayinevi.com\/sukutun-ve-melekutun-mirasi-abdulaziz-bin-abdurrahman-el-hedlak-ceviren-abdulrahman-eid\/sukutun-ve-melekutun-mirasi-kapak\/?feed=lhrdf&format=json"}]},"https:\/\/umayyayinevi.com\/wp-content\/uploads\/2026\/08\/Abdulrahman-Eid-Arka-Kapak.png":{"http:\/\/www.w3.org\/2000\/01\/rdf-schema#seeAlso":[{"type":"uri","value":"https:\/\/umayyayinevi.com\/sukutun-ve-melekutun-mirasi-abdulaziz-bin-abdurrahman-el-hedlak-ceviren-abdulrahman-eid\/abdulrahman-eid-arka-kapak\/?feed=lhrdf&format=json"}]},"https:\/\/umayyayinevi.com\/wp-content\/uploads\/2026\/08\/Abdulrahman-Eid-On-Kapak-1.png":{"http:\/\/www.w3.org\/2000\/01\/rdf-schema#seeAlso":[{"type":"uri","value":"https:\/\/umayyayinevi.com\/sukutun-ve-melekutun-mirasi-abdulaziz-bin-abdurrahman-el-hedlak-ceviren-abdulrahman-eid\/abdulrahman-eid-on-kapak-2\/?feed=lhrdf&format=json"}]},"https:\/\/umayyayinevi.com\/wp-content\/uploads\/2026\/08\/Sukutun-ve-Melekutun-Mirasi-Tanitim.pdf":{"http:\/\/www.w3.org\/2000\/01\/rdf-schema#seeAlso":[{"type":"uri","value":"https:\/\/umayyayinevi.com\/sukutun-ve-melekutun-mirasi-abdulaziz-bin-abdurrahman-el-hedlak-ceviren-abdulrahman-eid\/sukutun-ve-melekutun-mirasi-tanitim\/?feed=lhrdf&format=json"}]},"https:\/\/umayyayinevi.com\/wp-content\/uploads\/2026\/08\/Abdulrahman-Eid-On-Kapak.png":{"http:\/\/www.w3.org\/2000\/01\/rdf-schema#seeAlso":[{"type":"uri","value":"https:\/\/umayyayinevi.com\/sukutun-ve-melekutun-mirasi-abdulaziz-bin-abdurrahman-el-hedlak-ceviren-abdulrahman-eid\/abdulrahman-eid-on-kapak\/?feed=lhrdf&format=json"}]}}