{"https:\/\/umayyayinevi.com\/?p=2370":{"http:\/\/www.w3.org\/1999\/02\/22-rdf-syntax-ns#type":[{"type":"uri","value":"http:\/\/rdfs.org\/sioc\/ns#Post"},{"type":"uri","value":"http:\/\/rdfs.org\/sioc\/types#BlogPost"}],"http:\/\/purl.org\/dc\/elements\/1.1\/title":[{"type":"literal","value":"K\u0131r\u0131k Zamanlar - S\u00fcreyya Do\u011fan"}],"http:\/\/purl.org\/dc\/terms\/identifier":[{"type":"literal","value":"2370","datatype":"http:\/\/www.w3.org\/2001\/XMLSchema#integer"}],"http:\/\/purl.org\/dc\/elements\/1.1\/modified":[{"type":"literal","value":"2026-08-09","datatype":"http:\/\/www.w3.org\/2001\/XMLSchema#date"}],"http:\/\/purl.org\/dc\/elements\/1.1\/created":[{"type":"literal","value":"2026-08-09","datatype":"http:\/\/www.w3.org\/2001\/XMLSchema#date"}],"http:\/\/rdfs.org\/sioc\/ns#link":[{"type":"uri","value":"https:\/\/umayyayinevi.com\/kirik-zamanlar-sureyya-dogan\/"}],"http:\/\/rdfs.org\/sioc\/ns#has_creator":[{"type":"uri","value":"https:\/\/umayyayinevi.com\/author\/halkbilimci\/#account"}],"http:\/\/rdfs.org\/sioc\/ns#has_container":[{"type":"uri","value":"https:\/\/umayyayinevi.com\/#posts"}],"http:\/\/purl.org\/dc\/elements\/1.1\/abstract":[{"type":"literal","value":""}],"http:\/\/purl.org\/rss\/1.0\/modules\/content\/encoded":[{"type":"literal","value":"<![CDATA[<!-- wp:columns -->\n<div class=\"wp-block-columns\"><!-- wp:column {\"width\":\"33.33%\"} -->\n<div class=\"wp-block-column\" style=\"flex-basis:33.33%\"><!-- wp:image {\"id\":2371,\"sizeSlug\":\"large\",\"linkDestination\":\"none\"} -->\n<figure class=\"wp-block-image size-large\"><img src=\"https:\/\/umayyayinevi.com\/wp-content\/uploads\/2026\/08\/Sureyya-Dogan-On-Kapak-658x1024.png\" alt=\"\" class=\"wp-image-2371\"\/><\/figure>\n<!-- \/wp:image --><\/div>\n<!-- \/wp:column -->\n\n<!-- wp:column {\"width\":\"66.66%\",\"className\":\"is-style-stripes\",\"backgroundColor\":\"background\"} -->\n<div class=\"wp-block-column is-style-stripes has-background-background-color has-background\" style=\"flex-basis:66.66%\"><!-- wp:table -->\n<figure class=\"wp-block-table\"><table class=\"has-fixed-layout\"><tbody><tr><td><strong>Kitap Ad\u0131<\/strong> <strong>\/ Yazar<\/strong><\/td><td>K\u0131r\u0131k Zamanlar \/ S\u00fcreyya Do\u011fan<\/td><\/tr><tr><td><strong>Yay\u0131n Y\u0131l\u0131<\/strong><\/td><td>2026 \/ Umay Yay\u0131nevi<\/td><\/tr><tr><td><strong>Sayfa Say\u0131s\u0131<\/strong><\/td><td>172<\/td><\/tr><tr><td><strong>Bask\u0131 Say\u0131s\u0131<\/strong> <strong>\/ Yer<\/strong><\/td><td>1. Bask\u0131 \/ Samsun<\/td><\/tr><tr><td><strong>ISBN<\/strong><\/td><td>978-625-8950-52-6<\/td><\/tr><tr><td><strong>DOI<\/strong><\/td><td>10.5281\/zenodo.21627984<\/td><\/tr><tr><td><strong>Dil<\/strong><\/td><td>T\u00fcrk\u00e7e<\/td><\/tr><tr><td><strong>Seri\/Numara<\/strong><\/td><td>155<\/td><\/tr><tr><td><strong>Ana Konular<\/strong><\/td><td>K\u0131r\u0131k Zamanlar, Hat\u0131ralar, \u00d6g\u0306retmenlik, Hayat<\/td><\/tr><tr><td><strong>At\u0131f\/Cite<\/strong><\/td><td>Do\u011fan, S. (2026).<em> K\u0131r\u0131k zamanlar. <\/em>Umay Yay\u0131nevi.<\/td><\/tr><\/tbody><\/table><\/figure>\n<!-- \/wp:table --><\/div>\n<!-- \/wp:column --><\/div>\n<!-- \/wp:columns -->\n\n<!-- wp:paragraph -->\n<p><strong>Kitab\u0131 A\u015fa\u011f\u0131daki Platformlardan Sat\u0131n Alabilirsiniz.<\/strong><\/p>\n<!-- \/wp:paragraph -->\n\n<!-- wp:buttons -->\n<div class=\"wp-block-buttons\"><!-- wp:button -->\n<div class=\"wp-block-button\"><a class=\"wp-block-button__link wp-element-button\" href=\"https:\/\/www.pttavm.com\/kirik-zamanlar-sureyya-dogan-p-1528062047\">PTT AVM<\/a><\/div>\n<!-- \/wp:button -->\n\n<!-- wp:button -->\n<div class=\"wp-block-button\"><a class=\"wp-block-button__link wp-element-button\">\u0130defix<\/a><\/div>\n<!-- \/wp:button -->\n\n<!-- wp:button -->\n<div class=\"wp-block-button\"><a class=\"wp-block-button__link wp-element-button\" href=\"https:\/\/www.hepsiburada.com\/kirik-zamanlar-pm-HBC0000GY2CXJ?magaza=Umay%20Yay%C4%B1nevi\">Hepsiburada<\/a><\/div>\n<!-- \/wp:button -->\n\n<!-- wp:button -->\n<div class=\"wp-block-button\"><a class=\"wp-block-button__link wp-element-button\">Amazon T\u00fcrkiye<\/a><\/div>\n<!-- \/wp:button -->\n\n<!-- wp:button -->\n<div class=\"wp-block-button\"><a class=\"wp-block-button__link wp-element-button\" href=\"https:\/\/www.dr.com.tr\/kitap\/kirik-zamanlar\/sureyya-dogan\/edebiyat\/turk-gunluk-ani\/urunno=0002238673001\">D&amp;R<\/a><\/div>\n<!-- \/wp:button -->\n\n<!-- wp:button -->\n<div class=\"wp-block-button\"><a class=\"wp-block-button__link wp-element-button\" href=\"https:\/\/www.kitapambari.com\/kirik-zamanlar-3\">Kitap Ambar\u0131<\/a><\/div>\n<!-- \/wp:button -->\n\n<!-- wp:button -->\n<div class=\"wp-block-button\"><a class=\"wp-block-button__link wp-element-button\" href=\"https:\/\/www.kitapyurdu.com\/kitap\/kirik-zamanlar\/763639.html?filter_name=umay+yay%C4%B1nevi&amp;s_token=768050cf8e0908e2b6e0cc2799f6ac85501ba60bafdd7a7b6f7e88d41216eb4c&amp;s_time=1786298776\">Kitap Yurdu<\/a><\/div>\n<!-- \/wp:button -->\n\n<!-- wp:button -->\n<div class=\"wp-block-button\"><a class=\"wp-block-button__link wp-element-button\">INGRAM SPARK<\/a><\/div>\n<!-- \/wp:button --><\/div>\n<!-- \/wp:buttons -->\n\n<!-- wp:paragraph -->\n<p><strong>\u00d6z:<\/strong><br>Baz\u0131 kitaplar bilgi verir, baz\u0131lar\u0131 hik\u00e2ye anlat\u0131r. Baz\u0131lar\u0131 ise insan\u0131 kendi ge\u00e7mi\u015fiyle, kendi vicdan\u0131yla ve kendi haf\u0131zas\u0131yla bulu\u015fturur. Elinizdeki K\u0131r\u0131k Zamanlar, tam da bu \u00fc\u00e7\u00fcnc\u00fc t\u00fcr\u00fcn i\u00e7inde yer al\u0131yor. Bu kitapta anlat\u0131lanlar yaln\u0131zca ya\u015fanm\u0131\u015f olaylar\u0131n s\u0131ralanmas\u0131ndan ibaret de\u011fildir. Her b\u00f6l\u00fcm, Anadolu\u2019nun farkl\u0131 k\u00f6\u015felerinde ya\u015fanm\u0131\u015f hayatlar\u0131n; \u00f6\u011fretmenli\u011fin, dostlu\u011fun, yaln\u0131zl\u0131\u011f\u0131n, umudun ve insan olman\u0131n izlerini ta\u015f\u0131yan birer hat\u0131rad\u0131r. Kimi zaman I\u011fd\u0131r\u2019\u0131n bir k\u00f6y okulunda, kimi zaman Kayseri\u2019nin sokaklar\u0131nda, kimi zaman pandemi g\u00fcnlerinde bilgisayar ekran\u0131n\u0131n ard\u0131nda, kimi zaman da y\u0131llar \u00f6ncesinin s\u0131cak bir k\u00f6y odas\u0131nda bulacaks\u0131n\u0131z kendinizi. Hat\u0131ralar, zaman ge\u00e7tik\u00e7e eksilmez; aksine anlam kazan\u0131r. \u00c7\u00fcnk\u00fc insan ya\u015farken fark etmedi\u011fi bir\u00e7ok duyguyu, y\u0131llar sonra geriye d\u00f6n\u00fcp bakt\u0131\u011f\u0131nda yeniden ke\u015ffeder. Bu kitap da o ke\u015ffin \u00fcr\u00fcn\u00fcd\u00fcr. Ya\u015fanan ac\u0131lar, tebess\u00fcm ettiren an\u0131lar, unutulmayan insanlar ve haf\u0131zada iz b\u0131rakan olaylar, oldu\u011fu gibi de\u011fil; g\u00f6n\u00fclden s\u00fcz\u00fcld\u00fc\u011f\u00fc \u015fekliyle anlat\u0131lm\u0131\u015ft\u0131r. Bu sat\u0131rlar\u0131 okurken bazen g\u00fclece\u011finizi, bazen h\u00fcz\u00fcnlenece\u011finizi, bazen de kendi hayat\u0131n\u0131zdan bir par\u00e7a bulaca\u011f\u0131n\u0131z\u0131 umut ediyorum. E\u011fer kitab\u0131n herhangi bir sayfas\u0131nda kendi \u00e7ocuklu\u011funuza, \u00f6\u011fretmeninize, k\u00f6y\u00fcn\u00fcze, annenize, baban\u0131za ya da unutamad\u0131\u011f\u0131n\u0131z bir dosta rastlarsan\u0131z, bu kitab\u0131n as\u0131l amac\u0131na ula\u015ft\u0131\u011f\u0131na inanaca\u011f\u0131m. Hayat\u0131m\u0131zdan ge\u00e7en insanlar\u0131n \u00e7o\u011fu zamanla uzakla\u015f\u0131r; fakat bize b\u0131rakt\u0131klar\u0131 izler hi\u00e7bir zaman silinmez. Bu kitap, i\u015fte o izlere duyulan vefan\u0131n m\u00fctevaz\u0131 bir ifadesidir.<br><strong>Abstract:<\/strong><br>Some books provide information; others tell stories. Still others bring people face to face with their own past, their own conscience, and their own memories. <em>Broken Times<\/em>, the book you hold in your hands, belongs precisely to this third category. The stories told in this book are not merely a chronological account of past events. Each chapter is a memory bearing the traces of lives lived in different corners of Anatolia\u2014traces of teaching, friendship, loneliness, hope, and what it means to be human. At times you\u2019ll find yourself in a village school in I\u011fd\u0131r, at times on the streets of Kayseri, at times behind a computer screen during the pandemic, and at times in a warm village room from years past. Memories do not fade with time; on the contrary, they gain meaning. Because many emotions that one does not notice while living are rediscovered years later when looking back. This book is the product of that rediscovery. The pains experienced, the memories that bring a smile, the unforgettable people, and the events that leave a mark on the memory are not recounted as they were, but as they have been filtered through the heart. I hope that as you read these lines, you will sometimes laugh, sometimes feel sad, and sometimes find a piece of your own life within them. If, on any page of this book, you come across your own childhood, your teacher, your village, your mother, your father, or a friend you can\u2019t forget, I will believe that this book has achieved its true purpose. Most of the people who pass through our lives eventually drift away; yet the traces they leave behind are never erased. This book is a humble expression of the gratitude felt for those very traces.<\/p>\n<!-- \/wp:paragraph -->\n\n<!-- wp:file {\"id\":2372,\"href\":\"https:\/\/umayyayinevi.com\/wp-content\/uploads\/2026\/08\/Kirik-Zamanlar-Tanitim.pdf\",\"displayPreview\":true} -->\n<div class=\"wp-block-file\"><object class=\"wp-block-file__embed\" data=\"https:\/\/umayyayinevi.com\/wp-content\/uploads\/2026\/08\/Kirik-Zamanlar-Tanitim.pdf\" type=\"application\/pdf\" style=\"width:100%;height:600px\" aria-label=\"K\u0131r\u0131k Zamanlar-Tan\u0131t\u0131m\"><\/object><a id=\"wp-block-file--media-8aaa8e8c-ecb1-4bb0-8d57-64fa8ff2860c\" href=\"https:\/\/umayyayinevi.com\/wp-content\/uploads\/2026\/08\/Kirik-Zamanlar-Tanitim.pdf\">K\u0131r\u0131k Zamanlar-Tan\u0131t\u0131m<\/a><a href=\"https:\/\/umayyayinevi.com\/wp-content\/uploads\/2026\/08\/Kirik-Zamanlar-Tanitim.pdf\" class=\"wp-block-file__button wp-element-button\" download aria-describedby=\"wp-block-file--media-8aaa8e8c-ecb1-4bb0-8d57-64fa8ff2860c\">\u0130ndir<\/a><\/div>\n<!-- \/wp:file -->\n\n<!-- wp:details -->\n<details class=\"wp-block-details\"><summary><strong>\u00d6N KAPAK \u0130\u00c7\u0130N TIKLAYINIZ.<\/strong><\/summary><!-- wp:file {\"id\":2373,\"href\":\"https:\/\/umayyayinevi.com\/wp-content\/uploads\/2026\/08\/Kirik-Zamanlar-On-Kapak.pdf\",\"displayPreview\":true} -->\n<div class=\"wp-block-file\"><object class=\"wp-block-file__embed\" data=\"https:\/\/umayyayinevi.com\/wp-content\/uploads\/2026\/08\/Kirik-Zamanlar-On-Kapak.pdf\" type=\"application\/pdf\" style=\"width:100%;height:600px\" aria-label=\"K\u0131r\u0131k Zamanlar-\u00d6n Kapak\"><\/object><a id=\"wp-block-file--media-fdfdc784-fdf0-4d81-a3f3-f3e58752eeff\" href=\"https:\/\/umayyayinevi.com\/wp-content\/uploads\/2026\/08\/Kirik-Zamanlar-On-Kapak.pdf\">K\u0131r\u0131k Zamanlar-\u00d6n Kapak<\/a><a href=\"https:\/\/umayyayinevi.com\/wp-content\/uploads\/2026\/08\/Kirik-Zamanlar-On-Kapak.pdf\" class=\"wp-block-file__button wp-element-button\" download aria-describedby=\"wp-block-file--media-fdfdc784-fdf0-4d81-a3f3-f3e58752eeff\">\u0130ndir<\/a><\/div>\n<!-- \/wp:file --><\/details>\n<!-- \/wp:details -->\n\n<!-- wp:details -->\n<details class=\"wp-block-details\"><summary><strong>ARKA KAPAK \u0130\u00c7\u0130N TIKLAYINIZ.<\/strong><\/summary><!-- wp:file {\"id\":2374,\"href\":\"https:\/\/umayyayinevi.com\/wp-content\/uploads\/2026\/08\/Kirik-Zamanlar-Arka-Kapak.pdf\",\"displayPreview\":true} -->\n<div class=\"wp-block-file\"><object class=\"wp-block-file__embed\" data=\"https:\/\/umayyayinevi.com\/wp-content\/uploads\/2026\/08\/Kirik-Zamanlar-Arka-Kapak.pdf\" type=\"application\/pdf\" style=\"width:100%;height:600px\" aria-label=\"K\u0131r\u0131k Zamanlar-Arka Kapak\"><\/object><a id=\"wp-block-file--media-444aae71-d44b-4bb4-b5ed-bb85e5efb564\" href=\"https:\/\/umayyayinevi.com\/wp-content\/uploads\/2026\/08\/Kirik-Zamanlar-Arka-Kapak.pdf\">K\u0131r\u0131k Zamanlar-Arka Kapak<\/a><a href=\"https:\/\/umayyayinevi.com\/wp-content\/uploads\/2026\/08\/Kirik-Zamanlar-Arka-Kapak.pdf\" class=\"wp-block-file__button wp-element-button\" download aria-describedby=\"wp-block-file--media-444aae71-d44b-4bb4-b5ed-bb85e5efb564\">\u0130ndir<\/a><\/div>\n<!-- \/wp:file --><\/details>\n<!-- \/wp:details -->\n\n<!-- wp:details -->\n<details class=\"wp-block-details\"><summary><strong>\u00c7\u0130FT TARAFLI KAPAK \u0130\u00c7\u0130N TIKLAYINIZ.<\/strong><\/summary><!-- wp:file {\"id\":2375,\"href\":\"https:\/\/umayyayinevi.com\/wp-content\/uploads\/2026\/08\/Kirik-Zamanlar-Kapak.pdf\",\"displayPreview\":true} -->\n<div class=\"wp-block-file\"><object class=\"wp-block-file__embed\" data=\"https:\/\/umayyayinevi.com\/wp-content\/uploads\/2026\/08\/Kirik-Zamanlar-Kapak.pdf\" type=\"application\/pdf\" style=\"width:100%;height:600px\" aria-label=\"K\u0131r\u0131k Zamanlar-Kapak\"><\/object><a id=\"wp-block-file--media-4c9a8aee-1253-4ff1-8611-0d0d46952fcc\" href=\"https:\/\/umayyayinevi.com\/wp-content\/uploads\/2026\/08\/Kirik-Zamanlar-Kapak.pdf\">K\u0131r\u0131k Zamanlar-Kapak<\/a><a href=\"https:\/\/umayyayinevi.com\/wp-content\/uploads\/2026\/08\/Kirik-Zamanlar-Kapak.pdf\" class=\"wp-block-file__button wp-element-button\" download aria-describedby=\"wp-block-file--media-4c9a8aee-1253-4ff1-8611-0d0d46952fcc\">\u0130ndir<\/a><\/div>\n<!-- \/wp:file --><\/details>\n<!-- \/wp:details -->\n\n<!-- wp:paragraph -->\n<p><strong>Bibliyografik kay\u0131tlar i\u00e7in a\u015fa\u011f\u0131daki d\u00fc\u011fmeye t\u0131klay\u0131n\u0131z.<\/strong><\/p>\n<!-- \/wp:paragraph -->\n\n<!-- wp:buttons -->\n<div class=\"wp-block-buttons\"><!-- wp:button -->\n<div class=\"wp-block-button\"><a class=\"wp-block-button__link wp-element-button\" href=\"https:\/\/umayyayinevi.com\/wp-content\/uploads\/2026\/08\/155_Kirik_Zamanlar.zip\">ONIX 3.0, MARC 21, KBART, THEMA, BIC<\/a><\/div>\n<!-- \/wp:button --><\/div>\n<!-- \/wp:buttons -->\n\n<!-- wp:paragraph -->\n<p><\/p>\n<!-- \/wp:paragraph -->]]>","datatype":"http:\/\/www.w3.org\/1999\/02\/22-rdf-syntax-ns#XMLLiteral"}],"http:\/\/rdfs.org\/sioc\/ns#content":[{"type":"literal","value":"\n\n\n\n\n\n\n\n\nKitap Ad\u0131 \/ YazarK\u0131r\u0131k Zamanlar \/ S\u00fcreyya Do\u011fanYay\u0131n Y\u0131l\u01312026 \/ Umay Yay\u0131neviSayfa Say\u0131s\u0131172Bask\u0131 Say\u0131s\u0131 \/ Yer1. Bask\u0131 \/ SamsunISBN978-625-8950-52-6DOI10.5281\/zenodo.21627984DilT\u00fcrk\u00e7eSeri\/Numara155Ana KonularK\u0131r\u0131k Zamanlar, Hat\u0131ralar, \u00d6g\u0306retmenlik, HayatAt\u0131f\/CiteDo\u011fan, S. (2026). K\u0131r\u0131k zamanlar. Umay Yay\u0131nevi.\n\n\n\n\n\nKitab\u0131 A\u015fa\u011f\u0131daki Platformlardan Sat\u0131n Alabilirsiniz.\n\n\n\n\nPTT AVM\n\n\n\n\u0130defix\n\n\n\nHepsiburada\n\n\n\nAmazon T\u00fcrkiye\n\n\n\nD&amp;R\n\n\n\nKitap Ambar\u0131\n\n\n\nKitap Yurdu\n\n\n\nINGRAM SPARK\n\n\n\n\n\u00d6z:Baz\u0131 kitaplar bilgi verir, baz\u0131lar\u0131 hik\u00e2ye anlat\u0131r. Baz\u0131lar\u0131 ise insan\u0131 kendi ge\u00e7mi\u015fiyle, kendi vicdan\u0131yla ve kendi haf\u0131zas\u0131yla bulu\u015fturur. Elinizdeki K\u0131r\u0131k Zamanlar, tam da bu \u00fc\u00e7\u00fcnc\u00fc t\u00fcr\u00fcn i\u00e7inde yer al\u0131yor. Bu kitapta anlat\u0131lanlar yaln\u0131zca ya\u015fanm\u0131\u015f olaylar\u0131n s\u0131ralanmas\u0131ndan ibaret de\u011fildir. Her b\u00f6l\u00fcm, Anadolu\u2019nun farkl\u0131 k\u00f6\u015felerinde ya\u015fanm\u0131\u015f hayatlar\u0131n; \u00f6\u011fretmenli\u011fin, dostlu\u011fun, yaln\u0131zl\u0131\u011f\u0131n, umudun ve insan olman\u0131n izlerini ta\u015f\u0131yan birer hat\u0131rad\u0131r. Kimi zaman I\u011fd\u0131r\u2019\u0131n bir k\u00f6y okulunda, kimi zaman Kayseri\u2019nin sokaklar\u0131nda, kimi zaman pandemi g\u00fcnlerinde bilgisayar ekran\u0131n\u0131n ard\u0131nda, kimi zaman da y\u0131llar \u00f6ncesinin s\u0131cak bir k\u00f6y odas\u0131nda bulacaks\u0131n\u0131z kendinizi. Hat\u0131ralar, zaman ge\u00e7tik\u00e7e eksilmez; aksine anlam kazan\u0131r. \u00c7\u00fcnk\u00fc insan ya\u015farken fark etmedi\u011fi bir\u00e7ok duyguyu, y\u0131llar sonra geriye d\u00f6n\u00fcp bakt\u0131\u011f\u0131nda yeniden ke\u015ffeder. Bu kitap da o ke\u015ffin \u00fcr\u00fcn\u00fcd\u00fcr. Ya\u015fanan ac\u0131lar, tebess\u00fcm ettiren an\u0131lar, unutulmayan insanlar ve haf\u0131zada iz b\u0131rakan olaylar, oldu\u011fu gibi de\u011fil; g\u00f6n\u00fclden s\u00fcz\u00fcld\u00fc\u011f\u00fc \u015fekliyle anlat\u0131lm\u0131\u015ft\u0131r. Bu sat\u0131rlar\u0131 okurken bazen g\u00fclece\u011finizi, bazen h\u00fcz\u00fcnlenece\u011finizi, bazen de kendi hayat\u0131n\u0131zdan bir par\u00e7a bulaca\u011f\u0131n\u0131z\u0131 umut ediyorum. E\u011fer kitab\u0131n herhangi bir sayfas\u0131nda kendi \u00e7ocuklu\u011funuza, \u00f6\u011fretmeninize, k\u00f6y\u00fcn\u00fcze, annenize, baban\u0131za ya da unutamad\u0131\u011f\u0131n\u0131z bir dosta rastlarsan\u0131z, bu kitab\u0131n as\u0131l amac\u0131na ula\u015ft\u0131\u011f\u0131na inanaca\u011f\u0131m. Hayat\u0131m\u0131zdan ge\u00e7en insanlar\u0131n \u00e7o\u011fu zamanla uzakla\u015f\u0131r; fakat bize b\u0131rakt\u0131klar\u0131 izler hi\u00e7bir zaman silinmez. Bu kitap, i\u015fte o izlere duyulan vefan\u0131n m\u00fctevaz\u0131 bir ifadesidir.Abstract:Some books provide information; others tell stories. Still others bring people face to face with their own past, their own conscience, and their own memories. Broken Times, the book you hold in your hands, belongs precisely to this third category. The stories told in this book are not merely a chronological account of past events. Each chapter is a memory bearing the traces of lives lived in different corners of Anatolia\u2014traces of teaching, friendship, loneliness, hope, and what it means to be human. At times you\u2019ll find yourself in a village school in I\u011fd\u0131r, at times on the streets of Kayseri, at times behind a computer screen during the pandemic, and at times in a warm village room from years past. Memories do not fade with time; on the contrary, they gain meaning. Because many emotions that one does not notice while living are rediscovered years later when looking back. This book is the product of that rediscovery. The pains experienced, the memories that bring a smile, the unforgettable people, and the events that leave a mark on the memory are not recounted as they were, but as they have been filtered through the heart. I hope that as you read these lines, you will sometimes laugh, sometimes feel sad, and sometimes find a piece of your own life within them. If, on any page of this book, you come across your own childhood, your teacher, your village, your mother, your father, or a friend you can\u2019t forget, I will believe that this book has achieved its true purpose. Most of the people who pass through our lives eventually drift away; yet the traces they leave behind are never erased. This book is a humble expression of the gratitude felt for those very traces.\n\n\n\nK\u0131r\u0131k Zamanlar-Tan\u0131t\u0131m\u0130ndir\n\n\n\n\u00d6N KAPAK \u0130\u00c7\u0130N TIKLAYINIZ.\nK\u0131r\u0131k Zamanlar-\u00d6n Kapak\u0130ndir\n\n\n\n\nARKA KAPAK \u0130\u00c7\u0130N TIKLAYINIZ.\nK\u0131r\u0131k Zamanlar-Arka Kapak\u0130ndir\n\n\n\n\n\u00c7\u0130FT TARAFLI KAPAK \u0130\u00c7\u0130N TIKLAYINIZ.\nK\u0131r\u0131k Zamanlar-Kapak\u0130ndir\n\n\n\n\nBibliyografik kay\u0131tlar i\u00e7in a\u015fa\u011f\u0131daki d\u00fc\u011fmeye t\u0131klay\u0131n\u0131z.\n\n\n\n\nONIX 3.0, MARC 21, KBART, THEMA, BIC\n\n\n\n\n\n"}],"http:\/\/rdfs.org\/sioc\/ns#topic":[{"type":"uri","value":"https:\/\/umayyayinevi.com\/category\/genel-ru\/"},{"type":"uri","value":"https:\/\/umayyayinevi.com\/tag\/ani\/"},{"type":"uri","value":"https:\/\/umayyayinevi.com\/tag\/edebi-eser\/"},{"type":"uri","value":"https:\/\/umayyayinevi.com\/tag\/edebiyat\/"},{"type":"uri","value":"https:\/\/umayyayinevi.com\/tag\/hatiralar\/"},{"type":"uri","value":"https:\/\/umayyayinevi.com\/tag\/hayat\/"},{"type":"uri","value":"https:\/\/umayyayinevi.com\/tag\/kirik-zamanlar\/"},{"type":"uri","value":"https:\/\/umayyayinevi.com\/tag\/kultur\/"},{"type":"uri","value":"https:\/\/umayyayinevi.com\/tag\/og%cc%86retmenlik\/"},{"type":"uri","value":"https:\/\/umayyayinevi.com\/tag\/sureyya-dogan\/"},{"type":"uri","value":"https:\/\/umayyayinevi.com\/tag\/uluslararasi-yayinevi\/"},{"type":"uri","value":"https:\/\/umayyayinevi.com\/tag\/umay-yayinevi\/"}],"http:\/\/rdfs.org\/sioc\/ns#attachment":[{"type":"uri","value":"https:\/\/umayyayinevi.com\/wp-content\/uploads\/2026\/08\/Kirik-Zamanlar-Kapak.pdf"},{"type":"uri","value":"https:\/\/umayyayinevi.com\/wp-content\/uploads\/2026\/08\/Kirik-Zamanlar-Arka-Kapak.pdf"},{"type":"uri","value":"https:\/\/umayyayinevi.com\/wp-content\/uploads\/2026\/08\/Kirik-Zamanlar-On-Kapak.pdf"},{"type":"uri","value":"https:\/\/umayyayinevi.com\/wp-content\/uploads\/2026\/08\/Kirik-Zamanlar-Tanitim.pdf"},{"type":"uri","value":"https:\/\/umayyayinevi.com\/wp-content\/uploads\/2026\/08\/Sureyya-Dogan-On-Kapak.png"}]},"https:\/\/umayyayinevi.com\/author\/halkbilimci\/#account":{"http:\/\/www.w3.org\/2000\/01\/rdf-schema#seeAlso":[{"type":"uri","value":"https:\/\/umayyayinevi.com\/author\/halkbilimci\/?feed=lhrdf&format=json"}]},"https:\/\/umayyayinevi.com\/category\/genel-ru\/":{"http:\/\/www.w3.org\/2000\/01\/rdf-schema#seeAlso":[{"type":"uri","value":"https:\/\/umayyayinevi.com\/category\/genel-ru\/?feed=lhrdf&format=json"}]},"https:\/\/umayyayinevi.com\/tag\/ani\/":{"http:\/\/www.w3.org\/2000\/01\/rdf-schema#seeAlso":[{"type":"uri","value":"https:\/\/umayyayinevi.com\/tag\/ani\/?feed=lhrdf&format=json"}]},"https:\/\/umayyayinevi.com\/tag\/edebi-eser\/":{"http:\/\/www.w3.org\/2000\/01\/rdf-schema#seeAlso":[{"type":"uri","value":"https:\/\/umayyayinevi.com\/tag\/edebi-eser\/?feed=lhrdf&format=json"}]},"https:\/\/umayyayinevi.com\/tag\/edebiyat\/":{"http:\/\/www.w3.org\/2000\/01\/rdf-schema#seeAlso":[{"type":"uri","value":"https:\/\/umayyayinevi.com\/tag\/edebiyat\/?feed=lhrdf&format=json"}]},"https:\/\/umayyayinevi.com\/tag\/hatiralar\/":{"http:\/\/www.w3.org\/2000\/01\/rdf-schema#seeAlso":[{"type":"uri","value":"https:\/\/umayyayinevi.com\/tag\/hatiralar\/?feed=lhrdf&format=json"}]},"https:\/\/umayyayinevi.com\/tag\/hayat\/":{"http:\/\/www.w3.org\/2000\/01\/rdf-schema#seeAlso":[{"type":"uri","value":"https:\/\/umayyayinevi.com\/tag\/hayat\/?feed=lhrdf&format=json"}]},"https:\/\/umayyayinevi.com\/tag\/kirik-zamanlar\/":{"http:\/\/www.w3.org\/2000\/01\/rdf-schema#seeAlso":[{"type":"uri","value":"https:\/\/umayyayinevi.com\/tag\/kirik-zamanlar\/?feed=lhrdf&format=json"}]},"https:\/\/umayyayinevi.com\/tag\/kultur\/":{"http:\/\/www.w3.org\/2000\/01\/rdf-schema#seeAlso":[{"type":"uri","value":"https:\/\/umayyayinevi.com\/tag\/kultur\/?feed=lhrdf&format=json"}]},"https:\/\/umayyayinevi.com\/tag\/og%cc%86retmenlik\/":{"http:\/\/www.w3.org\/2000\/01\/rdf-schema#seeAlso":[{"type":"uri","value":"https:\/\/umayyayinevi.com\/tag\/og%cc%86retmenlik\/?feed=lhrdf&format=json"}]},"https:\/\/umayyayinevi.com\/tag\/sureyya-dogan\/":{"http:\/\/www.w3.org\/2000\/01\/rdf-schema#seeAlso":[{"type":"uri","value":"https:\/\/umayyayinevi.com\/tag\/sureyya-dogan\/?feed=lhrdf&format=json"}]},"https:\/\/umayyayinevi.com\/tag\/uluslararasi-yayinevi\/":{"http:\/\/www.w3.org\/2000\/01\/rdf-schema#seeAlso":[{"type":"uri","value":"https:\/\/umayyayinevi.com\/tag\/uluslararasi-yayinevi\/?feed=lhrdf&format=json"}]},"https:\/\/umayyayinevi.com\/tag\/umay-yayinevi\/":{"http:\/\/www.w3.org\/2000\/01\/rdf-schema#seeAlso":[{"type":"uri","value":"https:\/\/umayyayinevi.com\/tag\/umay-yayinevi\/?feed=lhrdf&format=json"}]},"https:\/\/umayyayinevi.com\/wp-content\/uploads\/2026\/08\/Kirik-Zamanlar-Kapak.pdf":{"http:\/\/www.w3.org\/2000\/01\/rdf-schema#seeAlso":[{"type":"uri","value":"https:\/\/umayyayinevi.com\/kirik-zamanlar-sureyya-dogan\/kirik-zamanlar-kapak\/?feed=lhrdf&format=json"}]},"https:\/\/umayyayinevi.com\/wp-content\/uploads\/2026\/08\/Kirik-Zamanlar-Arka-Kapak.pdf":{"http:\/\/www.w3.org\/2000\/01\/rdf-schema#seeAlso":[{"type":"uri","value":"https:\/\/umayyayinevi.com\/kirik-zamanlar-sureyya-dogan\/kirik-zamanlar-arka-kapak\/?feed=lhrdf&format=json"}]},"https:\/\/umayyayinevi.com\/wp-content\/uploads\/2026\/08\/Kirik-Zamanlar-On-Kapak.pdf":{"http:\/\/www.w3.org\/2000\/01\/rdf-schema#seeAlso":[{"type":"uri","value":"https:\/\/umayyayinevi.com\/kirik-zamanlar-sureyya-dogan\/kirik-zamanlar-on-kapak\/?feed=lhrdf&format=json"}]},"https:\/\/umayyayinevi.com\/wp-content\/uploads\/2026\/08\/Kirik-Zamanlar-Tanitim.pdf":{"http:\/\/www.w3.org\/2000\/01\/rdf-schema#seeAlso":[{"type":"uri","value":"https:\/\/umayyayinevi.com\/kirik-zamanlar-sureyya-dogan\/kirik-zamanlar-tanitim\/?feed=lhrdf&format=json"}]},"https:\/\/umayyayinevi.com\/wp-content\/uploads\/2026\/08\/Sureyya-Dogan-On-Kapak.png":{"http:\/\/www.w3.org\/2000\/01\/rdf-schema#seeAlso":[{"type":"uri","value":"https:\/\/umayyayinevi.com\/kirik-zamanlar-sureyya-dogan\/sureyya-dogan-on-kapak\/?feed=lhrdf&format=json"}]}}