{"https:\/\/umayyayinevi.com\/?p=2352":{"http:\/\/www.w3.org\/1999\/02\/22-rdf-syntax-ns#type":[{"type":"uri","value":"http:\/\/rdfs.org\/sioc\/ns#Post"},{"type":"uri","value":"http:\/\/rdfs.org\/sioc\/types#BlogPost"}],"http:\/\/purl.org\/dc\/elements\/1.1\/title":[{"type":"literal","value":"Do\u011fan\u0131n Sesi Dizelerimde - Edit\u00f6rler: Bekir Y\u0131ld\u0131z, Ahmet Cihan Bulundu"}],"http:\/\/purl.org\/dc\/terms\/identifier":[{"type":"literal","value":"2352","datatype":"http:\/\/www.w3.org\/2001\/XMLSchema#integer"}],"http:\/\/purl.org\/dc\/elements\/1.1\/modified":[{"type":"literal","value":"2026-08-09","datatype":"http:\/\/www.w3.org\/2001\/XMLSchema#date"}],"http:\/\/purl.org\/dc\/elements\/1.1\/created":[{"type":"literal","value":"2026-08-09","datatype":"http:\/\/www.w3.org\/2001\/XMLSchema#date"}],"http:\/\/rdfs.org\/sioc\/ns#link":[{"type":"uri","value":"https:\/\/umayyayinevi.com\/doganin-sesi-dizelerimde-editorler-bekir-yildiz-ahmet-cihan-bulundu\/"}],"http:\/\/rdfs.org\/sioc\/ns#has_creator":[{"type":"uri","value":"https:\/\/umayyayinevi.com\/author\/halkbilimci\/#account"}],"http:\/\/rdfs.org\/sioc\/ns#has_container":[{"type":"uri","value":"https:\/\/umayyayinevi.com\/#posts"}],"http:\/\/purl.org\/dc\/elements\/1.1\/abstract":[{"type":"literal","value":""}],"http:\/\/purl.org\/rss\/1.0\/modules\/content\/encoded":[{"type":"literal","value":"<![CDATA[<!-- wp:columns -->\n<div class=\"wp-block-columns\"><!-- wp:column {\"width\":\"33.33%\"} -->\n<div class=\"wp-block-column\" style=\"flex-basis:33.33%\"><!-- wp:image {\"id\":2353,\"sizeSlug\":\"large\",\"linkDestination\":\"none\"} -->\n<figure class=\"wp-block-image size-large\"><img src=\"https:\/\/umayyayinevi.com\/wp-content\/uploads\/2026\/08\/BY-ACB-CK-ON-658x1024.png\" alt=\"\" class=\"wp-image-2353\"\/><\/figure>\n<!-- \/wp:image --><\/div>\n<!-- \/wp:column -->\n\n<!-- wp:column {\"width\":\"66.66%\",\"className\":\"is-style-stripes\",\"backgroundColor\":\"background\"} -->\n<div class=\"wp-block-column is-style-stripes has-background-background-color has-background\" style=\"flex-basis:66.66%\"><!-- wp:table -->\n<figure class=\"wp-block-table\"><table class=\"has-fixed-layout\"><tbody><tr><td><strong>Kitap Ad\u0131<\/strong> <strong>\/ Edit\u00f6r<\/strong><\/td><td>Do\u011fan\u0131n Sesi Dizelerimde \/ Bekir Y\u0131ld\u0131z, Ahmet Cihan Bulundu <\/td><\/tr><tr><td><strong>Yay\u0131n Y\u0131l\u0131<\/strong><\/td><td>2026 \/ Umay Yay\u0131nevi<\/td><\/tr><tr><td><strong>Sayfa Say\u0131s\u0131<\/strong><\/td><td>118<\/td><\/tr><tr><td><strong>Bask\u0131 Say\u0131s\u0131<\/strong> <strong>\/ Yer<\/strong><\/td><td>1. Bask\u0131 \/ Samsun<\/td><\/tr><tr><td><strong>ISBN<\/strong><\/td><td>978-625-8950-59-5<\/td><\/tr><tr><td><strong>DOI<\/strong><\/td><td>10.5281\/zenodo.21833841<\/td><\/tr><tr><td><strong>Dil<\/strong><\/td><td>T\u00fcrk\u00e7e<\/td><\/tr><tr><td><strong>Seri\/Numara<\/strong><\/td><td>157<\/td><\/tr><tr><td><strong>Ana Konular<\/strong><\/td><td>Dog\u0306an\u0131n Sesi, \u015eiir, Dog\u0306a Sevgisi, Dog\u0306ayla Bar\u0131\u015f\u0131k \u0130nsan<\/td><\/tr><tr><td><strong>At\u0131f\/Cite<\/strong><\/td><td>Y\u0131ld\u0131z, B. ve Bulundu, A. C. (2026). <em>Do\u011fan\u0131n sesi<br>dizelerimde<\/em>. Umay Yay\u0131nevi.<\/td><\/tr><\/tbody><\/table><\/figure>\n<!-- \/wp:table --><\/div>\n<!-- \/wp:column --><\/div>\n<!-- \/wp:columns -->\n\n<!-- wp:paragraph -->\n<p><strong>\u015eairler: <\/strong><br>Bekir YILDIZ, Serpil G\u00dcCER, G\u00fcl G\u00d6K\u00dcZ, Bur\u00e7ak Naz DALGI\u00c7, G\u00fcl G\u00d6K\u00dcZ, Sultan DEM\u0130R, Ayla SEL\u00c7UKO\u011eLU K\u00d6KSAL, Elif KAYA, Serpil G\u00dcCER, Bur\u00e7ak Naz DALGI\u00c7, Setenay D\u00d6NMEZ, Kezban KAZAREL, S\u00fcleyman AKTA\u015e, Abd\u00fclgani AK\u00c7AY, Mehmet Ali CANPOLAT, Fatma G\u00dcLDEN KUZ, Ayla SEL\u00c7UKO\u011eLU K\u00d6KSAL, Ru\u015fen DA\u011eLI, Elif EK\u0130Z, Serpil G\u00dcCER, Huriye G\u00d6RKEM, Ru\u015fen YILMAZER, Serpil G\u00dcCER, Emine G\u00dcM\u00dc\u015e, Sultan DEM\u0130R, Mine G\u00dcVEN\u00c7,\u00a0 S\u00fcleyman KICALI, M. Dilvin EROL, \u015eirin TOP\u00c7U, Yunus \u00c7OLAK, Elif EK\u0130Z, Tayyar YILDIRIM, Kezban KAZAREL, Meryem Funda KURT, Emine G\u00dcM\u00dc\u015e, Cihan G\u00d6\u00c7EN, Kezban KAZAREL, Nuran \u00d6ZKOL, Emine G\u00dcM\u00dc\u015e, Bur\u00e7ak NAZ DALGI\u00c7, Semra MET, Nilg\u00fcn EY\u0130G\u00dcN SAY, Ebru TEK\u0130N, Ay\u015fe U\u011eUZ, Sevin\u00e7 YARI\u015e, Fatma SAYGIN, Yasemin Beray MEL\u0130K, H. Ba\u015fak TOYGAR, G\u00fcne\u015f \u00d6Z YE\u015e\u0130LO\u011eLU, Faruk G\u00dcVEN\u00c7L\u0130, G\u00fcne\u015f \u00d6ZDEN, H\u00fclya \u00c7INAR, Fatma Cansu KAYA Elif \u015e\u0130M\u015eEK, Tu\u011fba SAYILI, M\u00fcslime ARSLAN, Zehra \u00c7\u0130MEN, Faruk G\u00dcVEN\u00c7L\u0130, Habibe \u00d6ZDEM\u0130R BA\u015eDUVAR, Ay\u015fe U\u011eUZ, Fatma SAYGIN, Zekiye Pelin BUHUR, Yasemin TURAN G\u00d6LGEL\u0130, Beray \u00c7OKBEKLER, Yasemin TURAN G\u00d6LGEL\u0130, G\u00fcl AKAN, Zekiye Pelin BUHUR, Hilal Ba\u015fak TOYGAR, Zekiye Pelin BUHUR, Fatma G\u00dcLDEN KUZ, Yasemin YILDIZ<br><br><strong>\u00d6z: <\/strong><br>Baz\u0131 yolculuklar vard\u0131r, bitti\u011finde insan ayn\u0131 insan de\u011fildir. Baz\u0131 izler vard\u0131r, y\u0131llar ge\u00e7se de insan\u0131n i\u00e7inde ya\u015famaya devam eder. \u201cDo\u011fan\u0131n Sesi Dizelerimde\u201d benim i\u00e7in b\u00f6yle bir yolculuktu. Bu yolculuk, do\u011fay\u0131 tan\u0131ma ve anlama yolculu\u011funun yan\u0131nda kendimizi yeniden hat\u0131rlama yolculu\u011fuydu. Her durakta ba\u015fka bir g\u00fczelli\u011fe, her ad\u0131mda ba\u015fka bir hat\u0131raya rastlad\u0131k. Kimi zaman bir a\u011fac\u0131n g\u00f6lgesinde dinlendik, kimi zaman bir derenin k\u0131y\u0131s\u0131nda sustuk,kimi zaman da bir m\u0131srada birbirimizi bulduk.<\/p>\n<!-- \/wp:paragraph -->\n\n<!-- wp:paragraph -->\n<p>\u0130lk ad\u0131m\u0131n\u0131 2025 y\u0131l\u0131nda att\u0131\u011f\u0131m\u0131z bu ser\u00fcven, 2026 y\u0131l\u0131nda daha da b\u00fcy\u00fcyerek devam etti. \u0130ki proje boyunca y\u00fczlerce kilometre yol kat ettik. Topra\u011fa dokunduk. Suyun sesine kulak verdik. G\u00f6ky\u00fcz\u00fcne bakt\u0131k. Ayn\u0131 a\u011fac\u0131n g\u00f6lgesinde oturduk. Ayn\u0131 \u015fiirin etraf\u0131nda bulu\u015ftuk. Her etkinlikte do\u011fay\u0131 yeniden tan\u0131d\u0131k. Her durakta kendimizden bir iz bulduk. Bazen bir yaprak, bir \u015fiirin ilk dizesi oldu. Bazen bir dere, kelimelerin y\u00f6n\u00fcn\u00fc de\u011fi\u015ftirdi. Bazen de bir \u00e7ocu\u011fun g\u00fcl\u00fc\u015f\u00fc, hepimize yar\u0131n\u0131n h\u00e2l\u00e2 m\u00fcmk\u00fcn oldu\u011funu hat\u0131rlatt\u0131.<\/p>\n<!-- \/wp:paragraph -->\n\n<!-- wp:paragraph -->\n<p>Bu kitap, iki ayr\u0131 projenin ortak haf\u0131zas\u0131n\u0131 ta\u015f\u0131r. Sayfalar\u0131 aras\u0131nda emek vard\u0131r. Dostluk vard\u0131r. Hayret vard\u0131r. En \u00e7ok da do\u011faya duyulan derin bir sayg\u0131 vard\u0131r. Elinizde tuttu\u011funuz eser, \u201cDo\u011fan\u0131n Sesi Dizelerimde-1\u201d ve \u201cDo\u011fan\u0131n Sesi Dizelerimde-2\u201d projeleri kapsam\u0131nda kaleme al\u0131nan \u015fiirler aras\u0131ndan se\u00e7ilen metinlerden olu\u015fmaktad\u0131r. Bu dizeler, do\u011fan\u0131n i\u00e7inde do\u011fmu\u015f ve yine do\u011fan\u0131n tan\u0131kl\u0131\u011f\u0131nda b\u00fcy\u00fcm\u00fc\u015ft\u00fcr. Bug\u00fcn geriye d\u00f6n\u00fcp bakt\u0131\u011f\u0131mda hat\u0131rlad\u0131\u011f\u0131m ilk \u015fey yaz\u0131lan \u015fiirler de\u011fil, \u015fiirlerin yaz\u0131ld\u0131\u011f\u0131 anlard\u0131r. Birbirini ilk kez tan\u0131yan insanlar\u0131n ayn\u0131 duyguda bulu\u015fmas\u0131d\u0131r. Bir m\u0131sran\u0131n ard\u0131ndan olu\u015fan sessizliktir. G\u00f6zlerde beliren o tan\u0131d\u0131k \u0131\u015f\u0131lt\u0131d\u0131r. \u0130nan\u0131yorum ki bu kitap, okuyucusuna yaln\u0131zca \u015fiir sunmayacakt\u0131r. Ona bir a\u011fac\u0131n g\u00f6lgesini, bir derenin serinli\u011fini ve g\u00f6ky\u00fcz\u00fcne bakmay\u0131 da hat\u0131rlatacakt\u0131r. \u00c7\u00fcnk\u00fc do\u011fa konu\u015fmaya devam ediyor. Ve biz, onun sesini dizelerimizde ta\u015f\u0131maya devam edece\u011fiz.<br><strong>Abstract:<\/strong><br>There are some journeys that, once over, leave you a different person. There are some impressions that, even as the years pass, continue to live on within you. \u201cThe Voice of Nature in My Verses\u201d was such a journey for me. Alongside being a journey to discover and understand nature, it was also a journey of rediscovering ourselves. At every stop, we encountered a different kind of beauty; with every step, a different memory. Sometimes we rested in the shade of a tree, sometimes we fell silent by the banks of a stream, and sometimes we found each other in a single line of verse.<br>This adventure, which began in 2025, continued to grow in 2026. Over the course of two projects, we traveled hundreds of kilometers. We touched the earth. We listened to the sound of water. We looked up at the sky. We sat in the shade of the same tree. We gathered around the same poem. At every event, we rediscovered nature. At every stop, we found a trace of ourselves. Sometimes a leaf became the first line of a poem. Sometimes a stream changed the direction of our words. And sometimes a child\u2019s smile reminded us all that tomorrow is still possible.<br>This book carries the shared memory of two distinct projects. Within its pages lies hard work. There is friendship. There is wonder. And above all, there is a deep respect for nature. The work you hold in your hands consists of texts selected from the poems written as part of the \u201cThe Voice of Nature in My Verses-1\u201d and \u201cThe Voice of Nature in My Verses-2\u201d projects. These verses were born within nature and grew up under nature\u2019s witness. When I look back today, the first thing I remember is not the poems themselves, but the moments in which they were written. It is the coming together of people meeting for the first time, united by the same emotion. It is the silence that follows a line of verse. It is that familiar sparkle that appears in the eyes. I believe this book will offer its readers more than just poetry. It will also remind them of the shade of a tree, the coolness of a stream, and the joy of gazing at the sky.<br>Because nature continues to speak.<br>And we will continue to carry its voice in our verses.<br><\/p>\n<!-- \/wp:paragraph -->\n\n<!-- wp:file {\"id\":2355,\"href\":\"https:\/\/umayyayinevi.com\/wp-content\/uploads\/2026\/08\/Doganin-Sesi-Dizelerimde-Tam-Metin.pdf\",\"displayPreview\":true} -->\n<div class=\"wp-block-file\"><object class=\"wp-block-file__embed\" data=\"https:\/\/umayyayinevi.com\/wp-content\/uploads\/2026\/08\/Doganin-Sesi-Dizelerimde-Tam-Metin.pdf\" type=\"application\/pdf\" style=\"width:100%;height:600px\" aria-label=\"Do\u011fan\u0131n Sesi Dizelerimde-Tam Metin\"><\/object><a id=\"wp-block-file--media-df761e9a-43d8-4213-9015-0ab9528c4687\" href=\"https:\/\/umayyayinevi.com\/wp-content\/uploads\/2026\/08\/Doganin-Sesi-Dizelerimde-Tam-Metin.pdf\">Do\u011fan\u0131n Sesi Dizelerimde-Tam Metin<\/a><a href=\"https:\/\/umayyayinevi.com\/wp-content\/uploads\/2026\/08\/Doganin-Sesi-Dizelerimde-Tam-Metin.pdf\" class=\"wp-block-file__button wp-element-button\" download aria-describedby=\"wp-block-file--media-df761e9a-43d8-4213-9015-0ab9528c4687\">\u0130ndir<\/a><\/div>\n<!-- \/wp:file -->\n\n<!-- wp:details -->\n<details class=\"wp-block-details\"><summary><strong>\u00d6N KAPAK \u0130\u00c7\u0130N TIKLAYINIZ.<\/strong><\/summary><!-- wp:file {\"id\":2356,\"href\":\"https:\/\/umayyayinevi.com\/wp-content\/uploads\/2026\/08\/BY-ACB-CK-ON-1.png\"} -->\n<div class=\"wp-block-file\"><a id=\"wp-block-file--media-4ae2ea0d-6ffe-464a-bee3-c3c69f310b04\" href=\"https:\/\/umayyayinevi.com\/wp-content\/uploads\/2026\/08\/BY-ACB-CK-ON-1.png\">BY-ACB-\u00c7K-\u00d6N<\/a><a href=\"https:\/\/umayyayinevi.com\/wp-content\/uploads\/2026\/08\/BY-ACB-CK-ON-1.png\" class=\"wp-block-file__button wp-element-button\" download aria-describedby=\"wp-block-file--media-4ae2ea0d-6ffe-464a-bee3-c3c69f310b04\">\u0130ndir<\/a><\/div>\n<!-- \/wp:file --><\/details>\n<!-- \/wp:details -->\n\n<!-- wp:details -->\n<details class=\"wp-block-details\"><summary><strong>ARKA KAPAK \u0130\u00c7\u0130N TIKLAYINIZ.<\/strong><\/summary><!-- wp:file {\"id\":2357,\"href\":\"https:\/\/umayyayinevi.com\/wp-content\/uploads\/2026\/08\/BY-ACB-CK-ARKA.png\"} -->\n<div class=\"wp-block-file\"><a id=\"wp-block-file--media-997a96d1-8f37-4f16-b6bc-4427dbf07e2f\" href=\"https:\/\/umayyayinevi.com\/wp-content\/uploads\/2026\/08\/BY-ACB-CK-ARKA.png\">BY-ACB-\u00c7K-ARKA<\/a><a href=\"https:\/\/umayyayinevi.com\/wp-content\/uploads\/2026\/08\/BY-ACB-CK-ARKA.png\" class=\"wp-block-file__button wp-element-button\" download aria-describedby=\"wp-block-file--media-997a96d1-8f37-4f16-b6bc-4427dbf07e2f\">\u0130ndir<\/a><\/div>\n<!-- \/wp:file --><\/details>\n<!-- \/wp:details -->\n\n<!-- wp:details -->\n<details class=\"wp-block-details\"><summary><strong>\u00c7\u0130FT TARAFLI KAPAK \u0130\u00c7\u0130N TIKLAYINIZ.<\/strong><\/summary><!-- wp:file {\"id\":2358,\"href\":\"https:\/\/umayyayinevi.com\/wp-content\/uploads\/2026\/08\/BY-ACB-CK.pdf\",\"displayPreview\":true} -->\n<div class=\"wp-block-file\"><object class=\"wp-block-file__embed\" data=\"https:\/\/umayyayinevi.com\/wp-content\/uploads\/2026\/08\/BY-ACB-CK.pdf\" type=\"application\/pdf\" style=\"width:100%;height:600px\" aria-label=\"BY-ACB-\u00c7K\"><\/object><a id=\"wp-block-file--media-dd2b719b-5310-4adb-9809-d00541f1db46\" href=\"https:\/\/umayyayinevi.com\/wp-content\/uploads\/2026\/08\/BY-ACB-CK.pdf\">BY-ACB-\u00c7K<\/a><a href=\"https:\/\/umayyayinevi.com\/wp-content\/uploads\/2026\/08\/BY-ACB-CK.pdf\" class=\"wp-block-file__button wp-element-button\" download aria-describedby=\"wp-block-file--media-dd2b719b-5310-4adb-9809-d00541f1db46\">\u0130ndir<\/a><\/div>\n<!-- \/wp:file --><\/details>\n<!-- \/wp:details -->\n\n<!-- wp:paragraph -->\n<p><strong>Bibliyografik kay\u0131tlar i\u00e7in a\u015fa\u011f\u0131daki d\u00fc\u011fmeye t\u0131klay\u0131n\u0131z.<\/strong><\/p>\n<!-- \/wp:paragraph -->\n\n<!-- wp:buttons -->\n<div class=\"wp-block-buttons\"><!-- wp:button -->\n<div class=\"wp-block-button\"><a class=\"wp-block-button__link wp-element-button\" href=\"https:\/\/umayyayinevi.com\/wp-content\/uploads\/2026\/08\/157_Doganin_Sesi_Dizelerimde.zip\">ONIX 3.0, MARC 21, KBART, THEMA, BIC<\/a><\/div>\n<!-- \/wp:button --><\/div>\n<!-- \/wp:buttons -->\n\n<!-- wp:separator -->\n<hr class=\"wp-block-separator has-alpha-channel-opacity\"\/>\n<!-- \/wp:separator -->]]>","datatype":"http:\/\/www.w3.org\/1999\/02\/22-rdf-syntax-ns#XMLLiteral"}],"http:\/\/rdfs.org\/sioc\/ns#content":[{"type":"literal","value":"\n\n\n\n\n\n\n\n\nKitap Ad\u0131 \/ Edit\u00f6rDo\u011fan\u0131n Sesi Dizelerimde \/ Bekir Y\u0131ld\u0131z, Ahmet Cihan Bulundu Yay\u0131n Y\u0131l\u01312026 \/ Umay Yay\u0131neviSayfa Say\u0131s\u0131118Bask\u0131 Say\u0131s\u0131 \/ Yer1. Bask\u0131 \/ SamsunISBN978-625-8950-59-5DOI10.5281\/zenodo.21833841DilT\u00fcrk\u00e7eSeri\/Numara157Ana KonularDog\u0306an\u0131n Sesi, \u015eiir, Dog\u0306a Sevgisi, Dog\u0306ayla Bar\u0131\u015f\u0131k \u0130nsanAt\u0131f\/CiteY\u0131ld\u0131z, B. ve Bulundu, A. C. (2026). Do\u011fan\u0131n sesidizelerimde. Umay Yay\u0131nevi.\n\n\n\n\n\n\u015eairler: Bekir YILDIZ, Serpil G\u00dcCER, G\u00fcl G\u00d6K\u00dcZ, Bur\u00e7ak Naz DALGI\u00c7, G\u00fcl G\u00d6K\u00dcZ, Sultan DEM\u0130R, Ayla SEL\u00c7UKO\u011eLU K\u00d6KSAL, Elif KAYA, Serpil G\u00dcCER, Bur\u00e7ak Naz DALGI\u00c7, Setenay D\u00d6NMEZ, Kezban KAZAREL, S\u00fcleyman AKTA\u015e, Abd\u00fclgani AK\u00c7AY, Mehmet Ali CANPOLAT, Fatma G\u00dcLDEN KUZ, Ayla SEL\u00c7UKO\u011eLU K\u00d6KSAL, Ru\u015fen DA\u011eLI, Elif EK\u0130Z, Serpil G\u00dcCER, Huriye G\u00d6RKEM, Ru\u015fen YILMAZER, Serpil G\u00dcCER, Emine G\u00dcM\u00dc\u015e, Sultan DEM\u0130R, Mine G\u00dcVEN\u00c7,\u00a0 S\u00fcleyman KICALI, M. Dilvin EROL, \u015eirin TOP\u00c7U, Yunus \u00c7OLAK, Elif EK\u0130Z, Tayyar YILDIRIM, Kezban KAZAREL, Meryem Funda KURT, Emine G\u00dcM\u00dc\u015e, Cihan G\u00d6\u00c7EN, Kezban KAZAREL, Nuran \u00d6ZKOL, Emine G\u00dcM\u00dc\u015e, Bur\u00e7ak NAZ DALGI\u00c7, Semra MET, Nilg\u00fcn EY\u0130G\u00dcN SAY, Ebru TEK\u0130N, Ay\u015fe U\u011eUZ, Sevin\u00e7 YARI\u015e, Fatma SAYGIN, Yasemin Beray MEL\u0130K, H. Ba\u015fak TOYGAR, G\u00fcne\u015f \u00d6Z YE\u015e\u0130LO\u011eLU, Faruk G\u00dcVEN\u00c7L\u0130, G\u00fcne\u015f \u00d6ZDEN, H\u00fclya \u00c7INAR, Fatma Cansu KAYA Elif \u015e\u0130M\u015eEK, Tu\u011fba SAYILI, M\u00fcslime ARSLAN, Zehra \u00c7\u0130MEN, Faruk G\u00dcVEN\u00c7L\u0130, Habibe \u00d6ZDEM\u0130R BA\u015eDUVAR, Ay\u015fe U\u011eUZ, Fatma SAYGIN, Zekiye Pelin BUHUR, Yasemin TURAN G\u00d6LGEL\u0130, Beray \u00c7OKBEKLER, Yasemin TURAN G\u00d6LGEL\u0130, G\u00fcl AKAN, Zekiye Pelin BUHUR, Hilal Ba\u015fak TOYGAR, Zekiye Pelin BUHUR, Fatma G\u00dcLDEN KUZ, Yasemin YILDIZ\u00d6z: Baz\u0131 yolculuklar vard\u0131r, bitti\u011finde insan ayn\u0131 insan de\u011fildir. Baz\u0131 izler vard\u0131r, y\u0131llar ge\u00e7se de insan\u0131n i\u00e7inde ya\u015famaya devam eder. \u201cDo\u011fan\u0131n Sesi Dizelerimde\u201d benim i\u00e7in b\u00f6yle bir yolculuktu. Bu yolculuk, do\u011fay\u0131 tan\u0131ma ve anlama yolculu\u011funun yan\u0131nda kendimizi yeniden hat\u0131rlama yolculu\u011fuydu. Her durakta ba\u015fka bir g\u00fczelli\u011fe, her ad\u0131mda ba\u015fka bir hat\u0131raya rastlad\u0131k. Kimi zaman bir a\u011fac\u0131n g\u00f6lgesinde dinlendik, kimi zaman bir derenin k\u0131y\u0131s\u0131nda sustuk,kimi zaman da bir m\u0131srada birbirimizi bulduk.\n\n\n\n\u0130lk ad\u0131m\u0131n\u0131 2025 y\u0131l\u0131nda att\u0131\u011f\u0131m\u0131z bu ser\u00fcven, 2026 y\u0131l\u0131nda daha da b\u00fcy\u00fcyerek devam etti. \u0130ki proje boyunca y\u00fczlerce kilometre yol kat ettik. Topra\u011fa dokunduk. Suyun sesine kulak verdik. G\u00f6ky\u00fcz\u00fcne bakt\u0131k. Ayn\u0131 a\u011fac\u0131n g\u00f6lgesinde oturduk. Ayn\u0131 \u015fiirin etraf\u0131nda bulu\u015ftuk. Her etkinlikte do\u011fay\u0131 yeniden tan\u0131d\u0131k. Her durakta kendimizden bir iz bulduk. Bazen bir yaprak, bir \u015fiirin ilk dizesi oldu. Bazen bir dere, kelimelerin y\u00f6n\u00fcn\u00fc de\u011fi\u015ftirdi. Bazen de bir \u00e7ocu\u011fun g\u00fcl\u00fc\u015f\u00fc, hepimize yar\u0131n\u0131n h\u00e2l\u00e2 m\u00fcmk\u00fcn oldu\u011funu hat\u0131rlatt\u0131.\n\n\n\nBu kitap, iki ayr\u0131 projenin ortak haf\u0131zas\u0131n\u0131 ta\u015f\u0131r. Sayfalar\u0131 aras\u0131nda emek vard\u0131r. Dostluk vard\u0131r. Hayret vard\u0131r. En \u00e7ok da do\u011faya duyulan derin bir sayg\u0131 vard\u0131r. Elinizde tuttu\u011funuz eser, \u201cDo\u011fan\u0131n Sesi Dizelerimde-1\u201d ve \u201cDo\u011fan\u0131n Sesi Dizelerimde-2\u201d projeleri kapsam\u0131nda kaleme al\u0131nan \u015fiirler aras\u0131ndan se\u00e7ilen metinlerden olu\u015fmaktad\u0131r. Bu dizeler, do\u011fan\u0131n i\u00e7inde do\u011fmu\u015f ve yine do\u011fan\u0131n tan\u0131kl\u0131\u011f\u0131nda b\u00fcy\u00fcm\u00fc\u015ft\u00fcr. Bug\u00fcn geriye d\u00f6n\u00fcp bakt\u0131\u011f\u0131mda hat\u0131rlad\u0131\u011f\u0131m ilk \u015fey yaz\u0131lan \u015fiirler de\u011fil, \u015fiirlerin yaz\u0131ld\u0131\u011f\u0131 anlard\u0131r. Birbirini ilk kez tan\u0131yan insanlar\u0131n ayn\u0131 duyguda bulu\u015fmas\u0131d\u0131r. Bir m\u0131sran\u0131n ard\u0131ndan olu\u015fan sessizliktir. G\u00f6zlerde beliren o tan\u0131d\u0131k \u0131\u015f\u0131lt\u0131d\u0131r. \u0130nan\u0131yorum ki bu kitap, okuyucusuna yaln\u0131zca \u015fiir sunmayacakt\u0131r. Ona bir a\u011fac\u0131n g\u00f6lgesini, bir derenin serinli\u011fini ve g\u00f6ky\u00fcz\u00fcne bakmay\u0131 da hat\u0131rlatacakt\u0131r. \u00c7\u00fcnk\u00fc do\u011fa konu\u015fmaya devam ediyor. Ve biz, onun sesini dizelerimizde ta\u015f\u0131maya devam edece\u011fiz.Abstract:There are some journeys that, once over, leave you a different person. There are some impressions that, even as the years pass, continue to live on within you. \u201cThe Voice of Nature in My Verses\u201d was such a journey for me. Alongside being a journey to discover and understand nature, it was also a journey of rediscovering ourselves. At every stop, we encountered a different kind of beauty; with every step, a different memory. Sometimes we rested in the shade of a tree, sometimes we fell silent by the banks of a stream, and sometimes we found each other in a single line of verse.This adventure, which began in 2025, continued to grow in 2026. Over the course of two projects, we traveled hundreds of kilometers. We touched the earth. We listened to the sound of water. We looked up at the sky. We sat in the shade of the same tree. We gathered around the same poem. At every event, we rediscovered nature. At every stop, we found a trace of ourselves. Sometimes a leaf became the first line of a poem. Sometimes a stream changed the direction of our words. And sometimes a child\u2019s smile reminded us all that tomorrow is still possible.This book carries the shared memory of two distinct projects. Within its pages lies hard work. There is friendship. There is wonder. And above all, there is a deep respect for nature. The work you hold in your hands consists of texts selected from the poems written as part of the \u201cThe Voice of Nature in My Verses-1\u201d and \u201cThe Voice of Nature in My Verses-2\u201d projects. These verses were born within nature and grew up under nature\u2019s witness. When I look back today, the first thing I remember is not the poems themselves, but the moments in which they were written. It is the coming together of people meeting for the first time, united by the same emotion. It is the silence that follows a line of verse. It is that familiar sparkle that appears in the eyes. I believe this book will offer its readers more than just poetry. It will also remind them of the shade of a tree, the coolness of a stream, and the joy of gazing at the sky.Because nature continues to speak.And we will continue to carry its voice in our verses.\n\n\n\nDo\u011fan\u0131n Sesi Dizelerimde-Tam Metin\u0130ndir\n\n\n\n\u00d6N KAPAK \u0130\u00c7\u0130N TIKLAYINIZ.\nBY-ACB-\u00c7K-\u00d6N\u0130ndir\n\n\n\n\nARKA KAPAK \u0130\u00c7\u0130N TIKLAYINIZ.\nBY-ACB-\u00c7K-ARKA\u0130ndir\n\n\n\n\n\u00c7\u0130FT TARAFLI KAPAK \u0130\u00c7\u0130N TIKLAYINIZ.\nBY-ACB-\u00c7K\u0130ndir\n\n\n\n\nBibliyografik kay\u0131tlar i\u00e7in a\u015fa\u011f\u0131daki d\u00fc\u011fmeye t\u0131klay\u0131n\u0131z.\n\n\n\n\nONIX 3.0, MARC 21, KBART, THEMA, BIC\n\n\n\n\n\n"}],"http:\/\/rdfs.org\/sioc\/ns#topic":[{"type":"uri","value":"https:\/\/umayyayinevi.com\/category\/genel-ru\/"},{"type":"uri","value":"https:\/\/umayyayinevi.com\/tag\/abdulgani-akcay\/"},{"type":"uri","value":"https:\/\/umayyayinevi.com\/tag\/ahmet-cihan-bulundu\/"},{"type":"uri","value":"https:\/\/umayyayinevi.com\/tag\/ayla-selcukoglu-koksal\/"},{"type":"uri","value":"https:\/\/umayyayinevi.com\/tag\/ayse-uguz\/"},{"type":"uri","value":"https:\/\/umayyayinevi.com\/tag\/bekir-yildiz\/"},{"type":"uri","value":"https:\/\/umayyayinevi.com\/tag\/beray-cokbekler\/"},{"type":"uri","value":"https:\/\/umayyayinevi.com\/tag\/burcak-naz-dalgic\/"},{"type":"uri","value":"https:\/\/umayyayinevi.com\/tag\/cihan-gocen\/"},{"type":"uri","value":"https:\/\/umayyayinevi.com\/tag\/doganin-sesi-dizelerimde\/"},{"type":"uri","value":"https:\/\/umayyayinevi.com\/tag\/dog%cc%86a-sevgisi\/"},{"type":"uri","value":"https:\/\/umayyayinevi.com\/tag\/dog%cc%86anin-sesi\/"},{"type":"uri","value":"https:\/\/umayyayinevi.com\/tag\/dog%cc%86ayla-barisik-insan\/"},{"type":"uri","value":"https:\/\/umayyayinevi.com\/tag\/ebru-tekin\/"},{"type":"uri","value":"https:\/\/umayyayinevi.com\/tag\/elif-ekiz\/"},{"type":"uri","value":"https:\/\/umayyayinevi.com\/tag\/elif-kaya\/"},{"type":"uri","value":"https:\/\/umayyayinevi.com\/tag\/emine-gumus\/"},{"type":"uri","value":"https:\/\/umayyayinevi.com\/tag\/faruk-guvencli\/"},{"type":"uri","value":"https:\/\/umayyayinevi.com\/tag\/fatma-cansu-kaya-elif-simsek\/"},{"type":"uri","value":"https:\/\/umayyayinevi.com\/tag\/fatma-gulden-kuz\/"},{"type":"uri","value":"https:\/\/umayyayinevi.com\/tag\/fatma-saygin\/"},{"type":"uri","value":"https:\/\/umayyayinevi.com\/tag\/gul-akan\/"},{"type":"uri","value":"https:\/\/umayyayinevi.com\/tag\/gul-gokuz\/"},{"type":"uri","value":"https:\/\/umayyayinevi.com\/tag\/gunes-oz-yesiloglu\/"},{"type":"uri","value":"https:\/\/umayyayinevi.com\/tag\/gunes-ozden\/"},{"type":"uri","value":"https:\/\/umayyayinevi.com\/tag\/h-basak-toygar\/"},{"type":"uri","value":"https:\/\/umayyayinevi.com\/tag\/habibe-ozdemir-basduvar\/"},{"type":"uri","value":"https:\/\/umayyayinevi.com\/tag\/hilal-basak-toygar\/"},{"type":"uri","value":"https:\/\/umayyayinevi.com\/tag\/hulya-cinar\/"},{"type":"uri","value":"https:\/\/umayyayinevi.com\/tag\/huriye-gorkem\/"},{"type":"uri","value":"https:\/\/umayyayinevi.com\/tag\/kezban-kazarel\/"},{"type":"uri","value":"https:\/\/umayyayinevi.com\/tag\/m-dilvin-erol\/"},{"type":"uri","value":"https:\/\/umayyayinevi.com\/tag\/mehmet-ali-canpolat\/"},{"type":"uri","value":"https:\/\/umayyayinevi.com\/tag\/meryem-funda-kurt\/"},{"type":"uri","value":"https:\/\/umayyayinevi.com\/tag\/mine-guvenc\/"},{"type":"uri","value":"https:\/\/umayyayinevi.com\/tag\/muslime-arslan\/"},{"type":"uri","value":"https:\/\/umayyayinevi.com\/tag\/nilgun-eyigun-say\/"},{"type":"uri","value":"https:\/\/umayyayinevi.com\/tag\/nuran-ozkol\/"},{"type":"uri","value":"https:\/\/umayyayinevi.com\/tag\/rusen-dagli\/"},{"type":"uri","value":"https:\/\/umayyayinevi.com\/tag\/rusen-yilmazer\/"},{"type":"uri","value":"https:\/\/umayyayinevi.com\/tag\/semra-met\/"},{"type":"uri","value":"https:\/\/umayyayinevi.com\/tag\/serpil-gucer\/"},{"type":"uri","value":"https:\/\/umayyayinevi.com\/tag\/setenay-donmez\/"},{"type":"uri","value":"https:\/\/umayyayinevi.com\/tag\/sevinc-yaris\/"},{"type":"uri","value":"https:\/\/umayyayinevi.com\/tag\/siir-2\/"},{"type":"uri","value":"https:\/\/umayyayinevi.com\/tag\/sirin-topcu\/"},{"type":"uri","value":"https:\/\/umayyayinevi.com\/tag\/suleyman-aktas\/"},{"type":"uri","value":"https:\/\/umayyayinevi.com\/tag\/suleyman-kicali\/"},{"type":"uri","value":"https:\/\/umayyayinevi.com\/tag\/sultan-demir\/"},{"type":"uri","value":"https:\/\/umayyayinevi.com\/tag\/tayyar-yildirim\/"},{"type":"uri","value":"https:\/\/umayyayinevi.com\/tag\/tugba-sayili\/"},{"type":"uri","value":"https:\/\/umayyayinevi.com\/tag\/yasemin-beray-melik\/"},{"type":"uri","value":"https:\/\/umayyayinevi.com\/tag\/yasemin-turan-golgeli\/"},{"type":"uri","value":"https:\/\/umayyayinevi.com\/tag\/yasemin-yildiz\/"},{"type":"uri","value":"https:\/\/umayyayinevi.com\/tag\/yunus-colak\/"},{"type":"uri","value":"https:\/\/umayyayinevi.com\/tag\/zehra-cimen\/"},{"type":"uri","value":"https:\/\/umayyayinevi.com\/tag\/zekiye-pelin-buhur\/"}],"http:\/\/rdfs.org\/sioc\/ns#attachment":[{"type":"uri","value":"https:\/\/umayyayinevi.com\/wp-content\/uploads\/2026\/08\/BY-ACB-CK.pdf"},{"type":"uri","value":"https:\/\/umayyayinevi.com\/wp-content\/uploads\/2026\/08\/BY-ACB-CK-ARKA.png"},{"type":"uri","value":"https:\/\/umayyayinevi.com\/wp-content\/uploads\/2026\/08\/BY-ACB-CK-ON-1.png"},{"type":"uri","value":"https:\/\/umayyayinevi.com\/wp-content\/uploads\/2026\/08\/Doganin-Sesi-Dizelerimde-Tam-Metin.pdf"},{"type":"uri","value":"https:\/\/umayyayinevi.com\/wp-content\/uploads\/2026\/08\/Bekir-Yildiz-Ahmet-Cihan-Bulundu.pdf"},{"type":"uri","value":"https:\/\/umayyayinevi.com\/wp-content\/uploads\/2026\/08\/BY-ACB-CK-ON.png"}]},"https:\/\/umayyayinevi.com\/author\/halkbilimci\/#account":{"http:\/\/www.w3.org\/2000\/01\/rdf-schema#seeAlso":[{"type":"uri","value":"https:\/\/umayyayinevi.com\/author\/halkbilimci\/?feed=lhrdf&format=json"}]},"https:\/\/umayyayinevi.com\/category\/genel-ru\/":{"http:\/\/www.w3.org\/2000\/01\/rdf-schema#seeAlso":[{"type":"uri","value":"https:\/\/umayyayinevi.com\/category\/genel-ru\/?feed=lhrdf&format=json"}]},"https:\/\/umayyayinevi.com\/tag\/abdulgani-akcay\/":{"http:\/\/www.w3.org\/2000\/01\/rdf-schema#seeAlso":[{"type":"uri","value":"https:\/\/umayyayinevi.com\/tag\/abdulgani-akcay\/?feed=lhrdf&format=json"}]},"https:\/\/umayyayinevi.com\/tag\/ahmet-cihan-bulundu\/":{"http:\/\/www.w3.org\/2000\/01\/rdf-schema#seeAlso":[{"type":"uri","value":"https:\/\/umayyayinevi.com\/tag\/ahmet-cihan-bulundu\/?feed=lhrdf&format=json"}]},"https:\/\/umayyayinevi.com\/tag\/ayla-selcukoglu-koksal\/":{"http:\/\/www.w3.org\/2000\/01\/rdf-schema#seeAlso":[{"type":"uri","value":"https:\/\/umayyayinevi.com\/tag\/ayla-selcukoglu-koksal\/?feed=lhrdf&format=json"}]},"https:\/\/umayyayinevi.com\/tag\/ayse-uguz\/":{"http:\/\/www.w3.org\/2000\/01\/rdf-schema#seeAlso":[{"type":"uri","value":"https:\/\/umayyayinevi.com\/tag\/ayse-uguz\/?feed=lhrdf&format=json"}]},"https:\/\/umayyayinevi.com\/tag\/bekir-yildiz\/":{"http:\/\/www.w3.org\/2000\/01\/rdf-schema#seeAlso":[{"type":"uri","value":"https:\/\/umayyayinevi.com\/tag\/bekir-yildiz\/?feed=lhrdf&format=json"}]},"https:\/\/umayyayinevi.com\/tag\/beray-cokbekler\/":{"http:\/\/www.w3.org\/2000\/01\/rdf-schema#seeAlso":[{"type":"uri","value":"https:\/\/umayyayinevi.com\/tag\/beray-cokbekler\/?feed=lhrdf&format=json"}]},"https:\/\/umayyayinevi.com\/tag\/burcak-naz-dalgic\/":{"http:\/\/www.w3.org\/2000\/01\/rdf-schema#seeAlso":[{"type":"uri","value":"https:\/\/umayyayinevi.com\/tag\/burcak-naz-dalgic\/?feed=lhrdf&format=json"}]},"https:\/\/umayyayinevi.com\/tag\/cihan-gocen\/":{"http:\/\/www.w3.org\/2000\/01\/rdf-schema#seeAlso":[{"type":"uri","value":"https:\/\/umayyayinevi.com\/tag\/cihan-gocen\/?feed=lhrdf&format=json"}]},"https:\/\/umayyayinevi.com\/tag\/doganin-sesi-dizelerimde\/":{"http:\/\/www.w3.org\/2000\/01\/rdf-schema#seeAlso":[{"type":"uri","value":"https:\/\/umayyayinevi.com\/tag\/doganin-sesi-dizelerimde\/?feed=lhrdf&format=json"}]},"https:\/\/umayyayinevi.com\/tag\/dog%cc%86a-sevgisi\/":{"http:\/\/www.w3.org\/2000\/01\/rdf-schema#seeAlso":[{"type":"uri","value":"https:\/\/umayyayinevi.com\/tag\/dog%cc%86a-sevgisi\/?feed=lhrdf&format=json"}]},"https:\/\/umayyayinevi.com\/tag\/dog%cc%86anin-sesi\/":{"http:\/\/www.w3.org\/2000\/01\/rdf-schema#seeAlso":[{"type":"uri","value":"https:\/\/umayyayinevi.com\/tag\/dog%cc%86anin-sesi\/?feed=lhrdf&format=json"}]},"https:\/\/umayyayinevi.com\/tag\/dog%cc%86ayla-barisik-insan\/":{"http:\/\/www.w3.org\/2000\/01\/rdf-schema#seeAlso":[{"type":"uri","value":"https:\/\/umayyayinevi.com\/tag\/dog%cc%86ayla-barisik-insan\/?feed=lhrdf&format=json"}]},"https:\/\/umayyayinevi.com\/tag\/ebru-tekin\/":{"http:\/\/www.w3.org\/2000\/01\/rdf-schema#seeAlso":[{"type":"uri","value":"https:\/\/umayyayinevi.com\/tag\/ebru-tekin\/?feed=lhrdf&format=json"}]},"https:\/\/umayyayinevi.com\/tag\/elif-ekiz\/":{"http:\/\/www.w3.org\/2000\/01\/rdf-schema#seeAlso":[{"type":"uri","value":"https:\/\/umayyayinevi.com\/tag\/elif-ekiz\/?feed=lhrdf&format=json"}]},"https:\/\/umayyayinevi.com\/tag\/elif-kaya\/":{"http:\/\/www.w3.org\/2000\/01\/rdf-schema#seeAlso":[{"type":"uri","value":"https:\/\/umayyayinevi.com\/tag\/elif-kaya\/?feed=lhrdf&format=json"}]},"https:\/\/umayyayinevi.com\/tag\/emine-gumus\/":{"http:\/\/www.w3.org\/2000\/01\/rdf-schema#seeAlso":[{"type":"uri","value":"https:\/\/umayyayinevi.com\/tag\/emine-gumus\/?feed=lhrdf&format=json"}]},"https:\/\/umayyayinevi.com\/tag\/faruk-guvencli\/":{"http:\/\/www.w3.org\/2000\/01\/rdf-schema#seeAlso":[{"type":"uri","value":"https:\/\/umayyayinevi.com\/tag\/faruk-guvencli\/?feed=lhrdf&format=json"}]},"https:\/\/umayyayinevi.com\/tag\/fatma-cansu-kaya-elif-simsek\/":{"http:\/\/www.w3.org\/2000\/01\/rdf-schema#seeAlso":[{"type":"uri","value":"https:\/\/umayyayinevi.com\/tag\/fatma-cansu-kaya-elif-simsek\/?feed=lhrdf&format=json"}]},"https:\/\/umayyayinevi.com\/tag\/fatma-gulden-kuz\/":{"http:\/\/www.w3.org\/2000\/01\/rdf-schema#seeAlso":[{"type":"uri","value":"https:\/\/umayyayinevi.com\/tag\/fatma-gulden-kuz\/?feed=lhrdf&format=json"}]},"https:\/\/umayyayinevi.com\/tag\/fatma-saygin\/":{"http:\/\/www.w3.org\/2000\/01\/rdf-schema#seeAlso":[{"type":"uri","value":"https:\/\/umayyayinevi.com\/tag\/fatma-saygin\/?feed=lhrdf&format=json"}]},"https:\/\/umayyayinevi.com\/tag\/gul-akan\/":{"http:\/\/www.w3.org\/2000\/01\/rdf-schema#seeAlso":[{"type":"uri","value":"https:\/\/umayyayinevi.com\/tag\/gul-akan\/?feed=lhrdf&format=json"}]},"https:\/\/umayyayinevi.com\/tag\/gul-gokuz\/":{"http:\/\/www.w3.org\/2000\/01\/rdf-schema#seeAlso":[{"type":"uri","value":"https:\/\/umayyayinevi.com\/tag\/gul-gokuz\/?feed=lhrdf&format=json"}]},"https:\/\/umayyayinevi.com\/tag\/gunes-oz-yesiloglu\/":{"http:\/\/www.w3.org\/2000\/01\/rdf-schema#seeAlso":[{"type":"uri","value":"https:\/\/umayyayinevi.com\/tag\/gunes-oz-yesiloglu\/?feed=lhrdf&format=json"}]},"https:\/\/umayyayinevi.com\/tag\/gunes-ozden\/":{"http:\/\/www.w3.org\/2000\/01\/rdf-schema#seeAlso":[{"type":"uri","value":"https:\/\/umayyayinevi.com\/tag\/gunes-ozden\/?feed=lhrdf&format=json"}]},"https:\/\/umayyayinevi.com\/tag\/h-basak-toygar\/":{"http:\/\/www.w3.org\/2000\/01\/rdf-schema#seeAlso":[{"type":"uri","value":"https:\/\/umayyayinevi.com\/tag\/h-basak-toygar\/?feed=lhrdf&format=json"}]},"https:\/\/umayyayinevi.com\/tag\/habibe-ozdemir-basduvar\/":{"http:\/\/www.w3.org\/2000\/01\/rdf-schema#seeAlso":[{"type":"uri","value":"https:\/\/umayyayinevi.com\/tag\/habibe-ozdemir-basduvar\/?feed=lhrdf&format=json"}]},"https:\/\/umayyayinevi.com\/tag\/hilal-basak-toygar\/":{"http:\/\/www.w3.org\/2000\/01\/rdf-schema#seeAlso":[{"type":"uri","value":"https:\/\/umayyayinevi.com\/tag\/hilal-basak-toygar\/?feed=lhrdf&format=json"}]},"https:\/\/umayyayinevi.com\/tag\/hulya-cinar\/":{"http:\/\/www.w3.org\/2000\/01\/rdf-schema#seeAlso":[{"type":"uri","value":"https:\/\/umayyayinevi.com\/tag\/hulya-cinar\/?feed=lhrdf&format=json"}]},"https:\/\/umayyayinevi.com\/tag\/huriye-gorkem\/":{"http:\/\/www.w3.org\/2000\/01\/rdf-schema#seeAlso":[{"type":"uri","value":"https:\/\/umayyayinevi.com\/tag\/huriye-gorkem\/?feed=lhrdf&format=json"}]},"https:\/\/umayyayinevi.com\/tag\/kezban-kazarel\/":{"http:\/\/www.w3.org\/2000\/01\/rdf-schema#seeAlso":[{"type":"uri","value":"https:\/\/umayyayinevi.com\/tag\/kezban-kazarel\/?feed=lhrdf&format=json"}]},"https:\/\/umayyayinevi.com\/tag\/m-dilvin-erol\/":{"http:\/\/www.w3.org\/2000\/01\/rdf-schema#seeAlso":[{"type":"uri","value":"https:\/\/umayyayinevi.com\/tag\/m-dilvin-erol\/?feed=lhrdf&format=json"}]},"https:\/\/umayyayinevi.com\/tag\/mehmet-ali-canpolat\/":{"http:\/\/www.w3.org\/2000\/01\/rdf-schema#seeAlso":[{"type":"uri","value":"https:\/\/umayyayinevi.com\/tag\/mehmet-ali-canpolat\/?feed=lhrdf&format=json"}]},"https:\/\/umayyayinevi.com\/tag\/meryem-funda-kurt\/":{"http:\/\/www.w3.org\/2000\/01\/rdf-schema#seeAlso":[{"type":"uri","value":"https:\/\/umayyayinevi.com\/tag\/meryem-funda-kurt\/?feed=lhrdf&format=json"}]},"https:\/\/umayyayinevi.com\/tag\/mine-guvenc\/":{"http:\/\/www.w3.org\/2000\/01\/rdf-schema#seeAlso":[{"type":"uri","value":"https:\/\/umayyayinevi.com\/tag\/mine-guvenc\/?feed=lhrdf&format=json"}]},"https:\/\/umayyayinevi.com\/tag\/muslime-arslan\/":{"http:\/\/www.w3.org\/2000\/01\/rdf-schema#seeAlso":[{"type":"uri","value":"https:\/\/umayyayinevi.com\/tag\/muslime-arslan\/?feed=lhrdf&format=json"}]},"https:\/\/umayyayinevi.com\/tag\/nilgun-eyigun-say\/":{"http:\/\/www.w3.org\/2000\/01\/rdf-schema#seeAlso":[{"type":"uri","value":"https:\/\/umayyayinevi.com\/tag\/nilgun-eyigun-say\/?feed=lhrdf&format=json"}]},"https:\/\/umayyayinevi.com\/tag\/nuran-ozkol\/":{"http:\/\/www.w3.org\/2000\/01\/rdf-schema#seeAlso":[{"type":"uri","value":"https:\/\/umayyayinevi.com\/tag\/nuran-ozkol\/?feed=lhrdf&format=json"}]},"https:\/\/umayyayinevi.com\/tag\/rusen-dagli\/":{"http:\/\/www.w3.org\/2000\/01\/rdf-schema#seeAlso":[{"type":"uri","value":"https:\/\/umayyayinevi.com\/tag\/rusen-dagli\/?feed=lhrdf&format=json"}]},"https:\/\/umayyayinevi.com\/tag\/rusen-yilmazer\/":{"http:\/\/www.w3.org\/2000\/01\/rdf-schema#seeAlso":[{"type":"uri","value":"https:\/\/umayyayinevi.com\/tag\/rusen-yilmazer\/?feed=lhrdf&format=json"}]},"https:\/\/umayyayinevi.com\/tag\/semra-met\/":{"http:\/\/www.w3.org\/2000\/01\/rdf-schema#seeAlso":[{"type":"uri","value":"https:\/\/umayyayinevi.com\/tag\/semra-met\/?feed=lhrdf&format=json"}]},"https:\/\/umayyayinevi.com\/tag\/serpil-gucer\/":{"http:\/\/www.w3.org\/2000\/01\/rdf-schema#seeAlso":[{"type":"uri","value":"https:\/\/umayyayinevi.com\/tag\/serpil-gucer\/?feed=lhrdf&format=json"}]},"https:\/\/umayyayinevi.com\/tag\/setenay-donmez\/":{"http:\/\/www.w3.org\/2000\/01\/rdf-schema#seeAlso":[{"type":"uri","value":"https:\/\/umayyayinevi.com\/tag\/setenay-donmez\/?feed=lhrdf&format=json"}]},"https:\/\/umayyayinevi.com\/tag\/sevinc-yaris\/":{"http:\/\/www.w3.org\/2000\/01\/rdf-schema#seeAlso":[{"type":"uri","value":"https:\/\/umayyayinevi.com\/tag\/sevinc-yaris\/?feed=lhrdf&format=json"}]},"https:\/\/umayyayinevi.com\/tag\/siir-2\/":{"http:\/\/www.w3.org\/2000\/01\/rdf-schema#seeAlso":[{"type":"uri","value":"https:\/\/umayyayinevi.com\/tag\/siir-2\/?feed=lhrdf&format=json"}]},"https:\/\/umayyayinevi.com\/tag\/sirin-topcu\/":{"http:\/\/www.w3.org\/2000\/01\/rdf-schema#seeAlso":[{"type":"uri","value":"https:\/\/umayyayinevi.com\/tag\/sirin-topcu\/?feed=lhrdf&format=json"}]},"https:\/\/umayyayinevi.com\/tag\/suleyman-aktas\/":{"http:\/\/www.w3.org\/2000\/01\/rdf-schema#seeAlso":[{"type":"uri","value":"https:\/\/umayyayinevi.com\/tag\/suleyman-aktas\/?feed=lhrdf&format=json"}]},"https:\/\/umayyayinevi.com\/tag\/suleyman-kicali\/":{"http:\/\/www.w3.org\/2000\/01\/rdf-schema#seeAlso":[{"type":"uri","value":"https:\/\/umayyayinevi.com\/tag\/suleyman-kicali\/?feed=lhrdf&format=json"}]},"https:\/\/umayyayinevi.com\/tag\/sultan-demir\/":{"http:\/\/www.w3.org\/2000\/01\/rdf-schema#seeAlso":[{"type":"uri","value":"https:\/\/umayyayinevi.com\/tag\/sultan-demir\/?feed=lhrdf&format=json"}]},"https:\/\/umayyayinevi.com\/tag\/tayyar-yildirim\/":{"http:\/\/www.w3.org\/2000\/01\/rdf-schema#seeAlso":[{"type":"uri","value":"https:\/\/umayyayinevi.com\/tag\/tayyar-yildirim\/?feed=lhrdf&format=json"}]},"https:\/\/umayyayinevi.com\/tag\/tugba-sayili\/":{"http:\/\/www.w3.org\/2000\/01\/rdf-schema#seeAlso":[{"type":"uri","value":"https:\/\/umayyayinevi.com\/tag\/tugba-sayili\/?feed=lhrdf&format=json"}]},"https:\/\/umayyayinevi.com\/tag\/yasemin-beray-melik\/":{"http:\/\/www.w3.org\/2000\/01\/rdf-schema#seeAlso":[{"type":"uri","value":"https:\/\/umayyayinevi.com\/tag\/yasemin-beray-melik\/?feed=lhrdf&format=json"}]},"https:\/\/umayyayinevi.com\/tag\/yasemin-turan-golgeli\/":{"http:\/\/www.w3.org\/2000\/01\/rdf-schema#seeAlso":[{"type":"uri","value":"https:\/\/umayyayinevi.com\/tag\/yasemin-turan-golgeli\/?feed=lhrdf&format=json"}]},"https:\/\/umayyayinevi.com\/tag\/yasemin-yildiz\/":{"http:\/\/www.w3.org\/2000\/01\/rdf-schema#seeAlso":[{"type":"uri","value":"https:\/\/umayyayinevi.com\/tag\/yasemin-yildiz\/?feed=lhrdf&format=json"}]},"https:\/\/umayyayinevi.com\/tag\/yunus-colak\/":{"http:\/\/www.w3.org\/2000\/01\/rdf-schema#seeAlso":[{"type":"uri","value":"https:\/\/umayyayinevi.com\/tag\/yunus-colak\/?feed=lhrdf&format=json"}]},"https:\/\/umayyayinevi.com\/tag\/zehra-cimen\/":{"http:\/\/www.w3.org\/2000\/01\/rdf-schema#seeAlso":[{"type":"uri","value":"https:\/\/umayyayinevi.com\/tag\/zehra-cimen\/?feed=lhrdf&format=json"}]},"https:\/\/umayyayinevi.com\/tag\/zekiye-pelin-buhur\/":{"http:\/\/www.w3.org\/2000\/01\/rdf-schema#seeAlso":[{"type":"uri","value":"https:\/\/umayyayinevi.com\/tag\/zekiye-pelin-buhur\/?feed=lhrdf&format=json"}]},"https:\/\/umayyayinevi.com\/wp-content\/uploads\/2026\/08\/BY-ACB-CK.pdf":{"http:\/\/www.w3.org\/2000\/01\/rdf-schema#seeAlso":[{"type":"uri","value":"https:\/\/umayyayinevi.com\/doganin-sesi-dizelerimde-editorler-bekir-yildiz-ahmet-cihan-bulundu\/by-acb-ck\/?feed=lhrdf&format=json"}]},"https:\/\/umayyayinevi.com\/wp-content\/uploads\/2026\/08\/BY-ACB-CK-ARKA.png":{"http:\/\/www.w3.org\/2000\/01\/rdf-schema#seeAlso":[{"type":"uri","value":"https:\/\/umayyayinevi.com\/doganin-sesi-dizelerimde-editorler-bekir-yildiz-ahmet-cihan-bulundu\/by-acb-ck-arka\/?feed=lhrdf&format=json"}]},"https:\/\/umayyayinevi.com\/wp-content\/uploads\/2026\/08\/BY-ACB-CK-ON-1.png":{"http:\/\/www.w3.org\/2000\/01\/rdf-schema#seeAlso":[{"type":"uri","value":"https:\/\/umayyayinevi.com\/doganin-sesi-dizelerimde-editorler-bekir-yildiz-ahmet-cihan-bulundu\/by-acb-ck-on-2\/?feed=lhrdf&format=json"}]},"https:\/\/umayyayinevi.com\/wp-content\/uploads\/2026\/08\/Doganin-Sesi-Dizelerimde-Tam-Metin.pdf":{"http:\/\/www.w3.org\/2000\/01\/rdf-schema#seeAlso":[{"type":"uri","value":"https:\/\/umayyayinevi.com\/doganin-sesi-dizelerimde-editorler-bekir-yildiz-ahmet-cihan-bulundu\/doganin-sesi-dizelerimde-tam-metin\/?feed=lhrdf&format=json"}]},"https:\/\/umayyayinevi.com\/wp-content\/uploads\/2026\/08\/Bekir-Yildiz-Ahmet-Cihan-Bulundu.pdf":{"http:\/\/www.w3.org\/2000\/01\/rdf-schema#seeAlso":[{"type":"uri","value":"https:\/\/umayyayinevi.com\/doganin-sesi-dizelerimde-editorler-bekir-yildiz-ahmet-cihan-bulundu\/bekir-yildiz-ahmet-cihan-bulundu\/?feed=lhrdf&format=json"}]},"https:\/\/umayyayinevi.com\/wp-content\/uploads\/2026\/08\/BY-ACB-CK-ON.png":{"http:\/\/www.w3.org\/2000\/01\/rdf-schema#seeAlso":[{"type":"uri","value":"https:\/\/umayyayinevi.com\/doganin-sesi-dizelerimde-editorler-bekir-yildiz-ahmet-cihan-bulundu\/by-acb-ck-on\/?feed=lhrdf&format=json"}]}}