{"https:\/\/umayyayinevi.com\/?p=1790":{"http:\/\/www.w3.org\/1999\/02\/22-rdf-syntax-ns#type":[{"type":"uri","value":"http:\/\/rdfs.org\/sioc\/ns#Post"},{"type":"uri","value":"http:\/\/rdfs.org\/sioc\/types#BlogPost"}],"http:\/\/purl.org\/dc\/elements\/1.1\/title":[{"type":"literal","value":"A Magyar Sz\u00f3t\u00e1rak \u00e9s Nyelvtanok K\u00f6nyv\u00e9szete - Istv\u00e1n S\u00e1gi"}],"http:\/\/purl.org\/dc\/terms\/identifier":[{"type":"literal","value":"1790","datatype":"http:\/\/www.w3.org\/2001\/XMLSchema#integer"}],"http:\/\/purl.org\/dc\/elements\/1.1\/modified":[{"type":"literal","value":"2026-05-02","datatype":"http:\/\/www.w3.org\/2001\/XMLSchema#date"}],"http:\/\/purl.org\/dc\/elements\/1.1\/created":[{"type":"literal","value":"2026-05-02","datatype":"http:\/\/www.w3.org\/2001\/XMLSchema#date"}],"http:\/\/rdfs.org\/sioc\/ns#link":[{"type":"uri","value":"https:\/\/umayyayinevi.com\/a-magyar-szotarak-es-nyelvtanok-konyveszete-istvan-sagi\/"}],"http:\/\/rdfs.org\/sioc\/ns#has_creator":[{"type":"uri","value":"https:\/\/umayyayinevi.com\/author\/halkbilimci\/#account"}],"http:\/\/rdfs.org\/sioc\/ns#has_container":[{"type":"uri","value":"https:\/\/umayyayinevi.com\/#posts"}],"http:\/\/purl.org\/dc\/elements\/1.1\/abstract":[{"type":"literal","value":""}],"http:\/\/purl.org\/rss\/1.0\/modules\/content\/encoded":[{"type":"literal","value":"<![CDATA[<!-- wp:columns -->\n<div class=\"wp-block-columns\"><!-- wp:column {\"width\":\"33.33%\"} -->\n<div class=\"wp-block-column\" style=\"flex-basis:33.33%\"><!-- wp:image {\"id\":1791,\"sizeSlug\":\"large\",\"linkDestination\":\"none\"} -->\n<figure class=\"wp-block-image size-large\"><img src=\"https:\/\/umayyayinevi.com\/wp-content\/uploads\/2026\/05\/A5-UMAY-16.6-x-23.6-cm-15-x-21-cm-1-3-732x1024.jpg\" alt=\"\" class=\"wp-image-1791\"\/><\/figure>\n<!-- \/wp:image --><\/div>\n<!-- \/wp:column -->\n\n<!-- wp:column {\"width\":\"66.66%\",\"className\":\"is-style-stripes\",\"backgroundColor\":\"background\"} -->\n<div class=\"wp-block-column is-style-stripes has-background-background-color has-background\" style=\"flex-basis:66.66%\"><!-- wp:table -->\n<figure class=\"wp-block-table\"><table class=\"has-fixed-layout\"><tbody><tr><td><strong>Kitap Ad\u0131<\/strong> <strong>\/ Yazar<\/strong><\/td><td>A Magyar Sz\u00f3t\u00e1rak \u00e9s Nyelvtanok K\u00f6nyv\u00e9szete - Istv\u00e1n S\u00e1gi<\/td><\/tr><tr><td><strong>Yay\u0131n Y\u0131l\u0131<\/strong><\/td><td>2026 \/ Umay Yay\u0131nevi<\/td><\/tr><tr><td><strong>Sayfa Say\u0131s\u0131<\/strong><\/td><td>156<\/td><\/tr><tr><td><strong>Bask\u0131 Say\u0131s\u0131<\/strong> <strong>\/ Yer<\/strong><\/td><td>1. Bask\u0131 \/ Samsun<\/td><\/tr><tr><td><strong>ISBN<\/strong><\/td><td>978-625-93204-0-3<\/td><\/tr><tr><td><strong>DOI<\/strong><\/td><td>https:\/\/doi.org\/10.5281\/zenodo.19976615<\/td><\/tr><tr><td><strong>Dil<\/strong><\/td><td>Hungarian<\/td><\/tr><tr><td><strong>Seri\/Numara<\/strong><\/td><td>81<\/td><\/tr><tr><td><strong>Ana Konular<\/strong><\/td><td>Hungarian language, bibliography, dictionaries, grammar, lexicography<\/td><\/tr><\/tbody><\/table><\/figure>\n<!-- \/wp:table --><\/div>\n<!-- \/wp:column --><\/div>\n<!-- \/wp:columns -->\n\n<!-- wp:paragraph -->\n<p><strong>\u00d6z:<\/strong><br>Istv\u00e1n S\u00e1gi taraf\u0131ndan haz\u0131rlanan <em>A magyar sz\u00f3t\u00e1rak \u00e9s nyelvtanok k\u00f6nyv\u00e9szete<\/em>, Macarca s\u00f6zl\u00fckler ve dilbilgisi kitaplar\u0131n\u0131 konu alan kapsaml\u0131 bir bibliyografya \u00e7al\u0131\u015fmas\u0131d\u0131r. Eserde, bu alandaki yay\u0131nlar sistemli bi\u00e7imde listelenir; yazar, bas\u0131m y\u0131l\u0131, bask\u0131 \u00f6zellikleri ve i\u00e7erik kapsam\u0131 gibi ayr\u0131nt\u0131lar sunulur. \u00c7al\u0131\u015fma, Macar diline ili\u015fkin s\u00f6zl\u00fckbilim ve dilbilgisi ara\u015ft\u0131rmalar\u0131n\u0131n tarihsel geli\u015fimini izler ve bu alan\u0131n akademik birikimini ortaya koyar. Do\u011frudan \u00f6\u011fretici bir kitap olmaktan ziyade, ara\u015ft\u0131rmac\u0131lar i\u00e7in temel bir ba\u015fvuru kayna\u011f\u0131 niteli\u011findedir ve Macar dilinin bilimsel olarak incelenme s\u00fcrecini belgeleyen \u00f6nemli eserleri bir araya getirir.<br><strong>Abstract:<\/strong><br><em>A magyar sz\u00f3t\u00e1rak \u00e9s nyelvtanok k\u00f6nyv\u00e9szete<\/em> by Istv\u00e1n S\u00e1gi is a comprehensive bibliographic study of Hungarian dictionaries and grammar books. The work systematically catalogues publications related to the Hungarian language, providing detailed information on authors, publication dates, editions, and thematic scope. It traces the historical development of lexicography and grammatical studies in Hungary, highlighting how linguistic scholarship evolved over time. Rather than offering direct language instruction, the book serves as a reference tool for researchers, presenting the intellectual and academic foundations of Hungarian language studies and documenting key works that shaped its standardization.<\/p>\n<!-- \/wp:paragraph -->\n\n<!-- wp:file {\"id\":1792,\"href\":\"https:\/\/umayyayinevi.com\/wp-content\/uploads\/2026\/05\/Istvan-Sagi.pdf\",\"displayPreview\":true} -->\n<div class=\"wp-block-file\"><object class=\"wp-block-file__embed\" data=\"https:\/\/umayyayinevi.com\/wp-content\/uploads\/2026\/05\/Istvan-Sagi.pdf\" type=\"application\/pdf\" style=\"width:100%;height:600px\" aria-label=\"Istvan Sagi\"><\/object><a id=\"wp-block-file--media-bba28508-c231-44ff-b2d4-d4a288c5d1d0\" href=\"https:\/\/umayyayinevi.com\/wp-content\/uploads\/2026\/05\/Istvan-Sagi.pdf\">Istvan Sagi<\/a><a href=\"https:\/\/umayyayinevi.com\/wp-content\/uploads\/2026\/05\/Istvan-Sagi.pdf\" class=\"wp-block-file__button wp-element-button\" download aria-describedby=\"wp-block-file--media-bba28508-c231-44ff-b2d4-d4a288c5d1d0\">\u0130ndir<\/a><\/div>\n<!-- \/wp:file -->\n\n<!-- wp:paragraph -->\n<p><\/p>\n<!-- \/wp:paragraph -->]]>","datatype":"http:\/\/www.w3.org\/1999\/02\/22-rdf-syntax-ns#XMLLiteral"}],"http:\/\/rdfs.org\/sioc\/ns#content":[{"type":"literal","value":"\n\n\n\n\n\n\n\n\nKitap Ad\u0131 \/ YazarA Magyar Sz\u00f3t\u00e1rak \u00e9s Nyelvtanok K\u00f6nyv\u00e9szete - Istv\u00e1n S\u00e1giYay\u0131n Y\u0131l\u01312026 \/ Umay Yay\u0131neviSayfa Say\u0131s\u0131156Bask\u0131 Say\u0131s\u0131 \/ Yer1. Bask\u0131 \/ SamsunISBN978-625-93204-0-3DOIhttps:\/\/doi.org\/10.5281\/zenodo.19976615DilHungarianSeri\/Numara81Ana KonularHungarian language, bibliography, dictionaries, grammar, lexicography\n\n\n\n\n\n\u00d6z:Istv\u00e1n S\u00e1gi taraf\u0131ndan haz\u0131rlanan A magyar sz\u00f3t\u00e1rak \u00e9s nyelvtanok k\u00f6nyv\u00e9szete, Macarca s\u00f6zl\u00fckler ve dilbilgisi kitaplar\u0131n\u0131 konu alan kapsaml\u0131 bir bibliyografya \u00e7al\u0131\u015fmas\u0131d\u0131r. Eserde, bu alandaki yay\u0131nlar sistemli bi\u00e7imde listelenir; yazar, bas\u0131m y\u0131l\u0131, bask\u0131 \u00f6zellikleri ve i\u00e7erik kapsam\u0131 gibi ayr\u0131nt\u0131lar sunulur. \u00c7al\u0131\u015fma, Macar diline ili\u015fkin s\u00f6zl\u00fckbilim ve dilbilgisi ara\u015ft\u0131rmalar\u0131n\u0131n tarihsel geli\u015fimini izler ve bu alan\u0131n akademik birikimini ortaya koyar. Do\u011frudan \u00f6\u011fretici bir kitap olmaktan ziyade, ara\u015ft\u0131rmac\u0131lar i\u00e7in temel bir ba\u015fvuru kayna\u011f\u0131 niteli\u011findedir ve Macar dilinin bilimsel olarak incelenme s\u00fcrecini belgeleyen \u00f6nemli eserleri bir araya getirir.Abstract:A magyar sz\u00f3t\u00e1rak \u00e9s nyelvtanok k\u00f6nyv\u00e9szete by Istv\u00e1n S\u00e1gi is a comprehensive bibliographic study of Hungarian dictionaries and grammar books. The work systematically catalogues publications related to the Hungarian language, providing detailed information on authors, publication dates, editions, and thematic scope. It traces the historical development of lexicography and grammatical studies in Hungary, highlighting how linguistic scholarship evolved over time. Rather than offering direct language instruction, the book serves as a reference tool for researchers, presenting the intellectual and academic foundations of Hungarian language studies and documenting key works that shaped its standardization.\n\n\n\nIstvan Sagi\u0130ndir\n\n\n\n\n"}],"http:\/\/rdfs.org\/sioc\/ns#topic":[{"type":"uri","value":"https:\/\/umayyayinevi.com\/category\/genel-ru\/"},{"type":"uri","value":"https:\/\/umayyayinevi.com\/tag\/bibliography\/"},{"type":"uri","value":"https:\/\/umayyayinevi.com\/tag\/dictionaries\/"},{"type":"uri","value":"https:\/\/umayyayinevi.com\/tag\/grammar\/"},{"type":"uri","value":"https:\/\/umayyayinevi.com\/tag\/hungarian-language\/"},{"type":"uri","value":"https:\/\/umayyayinevi.com\/tag\/lexicography\/"},{"type":"uri","value":"https:\/\/umayyayinevi.com\/tag\/uluslararasi-yayinevi\/"},{"type":"uri","value":"https:\/\/umayyayinevi.com\/tag\/umay-yayinevi\/"}],"http:\/\/rdfs.org\/sioc\/ns#attachment":[{"type":"uri","value":"https:\/\/umayyayinevi.com\/wp-content\/uploads\/2026\/05\/Istvan-Sagi.pdf"},{"type":"uri","value":"https:\/\/umayyayinevi.com\/wp-content\/uploads\/2026\/05\/A5-UMAY-16.6-x-23.6-cm-15-x-21-cm-1-3.jpg"}]},"https:\/\/umayyayinevi.com\/author\/halkbilimci\/#account":{"http:\/\/www.w3.org\/2000\/01\/rdf-schema#seeAlso":[{"type":"uri","value":"https:\/\/umayyayinevi.com\/author\/halkbilimci\/?feed=lhrdf&format=json"}]},"https:\/\/umayyayinevi.com\/category\/genel-ru\/":{"http:\/\/www.w3.org\/2000\/01\/rdf-schema#seeAlso":[{"type":"uri","value":"https:\/\/umayyayinevi.com\/category\/genel-ru\/?feed=lhrdf&format=json"}]},"https:\/\/umayyayinevi.com\/tag\/bibliography\/":{"http:\/\/www.w3.org\/2000\/01\/rdf-schema#seeAlso":[{"type":"uri","value":"https:\/\/umayyayinevi.com\/tag\/bibliography\/?feed=lhrdf&format=json"}]},"https:\/\/umayyayinevi.com\/tag\/dictionaries\/":{"http:\/\/www.w3.org\/2000\/01\/rdf-schema#seeAlso":[{"type":"uri","value":"https:\/\/umayyayinevi.com\/tag\/dictionaries\/?feed=lhrdf&format=json"}]},"https:\/\/umayyayinevi.com\/tag\/grammar\/":{"http:\/\/www.w3.org\/2000\/01\/rdf-schema#seeAlso":[{"type":"uri","value":"https:\/\/umayyayinevi.com\/tag\/grammar\/?feed=lhrdf&format=json"}]},"https:\/\/umayyayinevi.com\/tag\/hungarian-language\/":{"http:\/\/www.w3.org\/2000\/01\/rdf-schema#seeAlso":[{"type":"uri","value":"https:\/\/umayyayinevi.com\/tag\/hungarian-language\/?feed=lhrdf&format=json"}]},"https:\/\/umayyayinevi.com\/tag\/lexicography\/":{"http:\/\/www.w3.org\/2000\/01\/rdf-schema#seeAlso":[{"type":"uri","value":"https:\/\/umayyayinevi.com\/tag\/lexicography\/?feed=lhrdf&format=json"}]},"https:\/\/umayyayinevi.com\/tag\/uluslararasi-yayinevi\/":{"http:\/\/www.w3.org\/2000\/01\/rdf-schema#seeAlso":[{"type":"uri","value":"https:\/\/umayyayinevi.com\/tag\/uluslararasi-yayinevi\/?feed=lhrdf&format=json"}]},"https:\/\/umayyayinevi.com\/tag\/umay-yayinevi\/":{"http:\/\/www.w3.org\/2000\/01\/rdf-schema#seeAlso":[{"type":"uri","value":"https:\/\/umayyayinevi.com\/tag\/umay-yayinevi\/?feed=lhrdf&format=json"}]},"https:\/\/umayyayinevi.com\/wp-content\/uploads\/2026\/05\/Istvan-Sagi.pdf":{"http:\/\/www.w3.org\/2000\/01\/rdf-schema#seeAlso":[{"type":"uri","value":"https:\/\/umayyayinevi.com\/a-magyar-szotarak-es-nyelvtanok-konyveszete-istvan-sagi\/istvan-sagi\/?feed=lhrdf&format=json"}]},"https:\/\/umayyayinevi.com\/wp-content\/uploads\/2026\/05\/A5-UMAY-16.6-x-23.6-cm-15-x-21-cm-1-3.jpg":{"http:\/\/www.w3.org\/2000\/01\/rdf-schema#seeAlso":[{"type":"uri","value":"https:\/\/umayyayinevi.com\/a-magyar-szotarak-es-nyelvtanok-konyveszete-istvan-sagi\/a5-umay-16-6-x-23-6-cm-15-x-21-cm-1-4\/?feed=lhrdf&format=json"}]}}